{"id":3837,"date":"2023-09-15T14:02:32","date_gmt":"2023-09-15T14:02:32","guid":{"rendered":"https:\/\/colegiocriminologosmadrid.es\/RealidadCriminal\/?post_type=speaker&#038;p=3837"},"modified":"2023-10-09T16:27:11","modified_gmt":"2023-10-09T16:27:11","slug":"francisco-perez-caballero-cpcm","status":"publish","type":"speaker","link":"https:\/\/colegiocriminologosmadrid.es\/RealidadCriminal\/speaker\/francisco-perez-caballero-cpcm\/","title":{"rendered":"Francisco P\u00e9rez Caballero"},"content":{"rendered":"<section class=\"wpb-content-wrapper\"><p>[vc_row full_width=\u00bbstretch_row\u00bb row-text-align=\u00bbcenter\u00bb css=\u00bb.vc_custom_1694786609886{padding-top: 5% !important;padding-bottom: 5% !important;}\u00bb][vc_column][vc_single_image image=\u00bb3840&#8243; img_size=\u00bbmedium\u00bb alignment=\u00bbcenter\u00bb style=\u00bbvc_box_border_circle_2&#8243;][vc_column_text]<\/p>\n<div dir=\"auto\">\n<p>Francisco P\u00e9rez Caballero es un periodista, reportero, presentador de televisi\u00f3n y escritor con una larga trayectoria en los medios de comunicaci\u00f3n espa\u00f1oles. Es autor de varios libros, entre los que se encuentran Ins\u00f3lito, Inexplicable, Dossier Negro, Killers y Diccionario Espasa de Asesinos (este \u00faltimo junto a Francisco P\u00e9rez Abell\u00e1n).<\/p>\n<p>P\u00e9rez Caballero ha trabajado en Telecinco, Antena 3 y Cuatro TV como redactor, reportero y presentador en plat\u00f3. Adem\u00e1s, ha participado en numerosos programas de radio y televisi\u00f3n como experto en criminolog\u00eda y sucesos.<\/p>\n<p>El periodista ha cubierto algunos de los sucesos m\u00e1s impactantes de los \u00faltimos a\u00f1os en Espa\u00f1a, desde los asesinatos de Roc\u00edo Wanninkhof y Sonia Carabantes hasta el 11M y el incendio del Windsor. Tambi\u00e9n tiene experiencia en los tribunales de justicia, habiendo informado sobre juicios como el de Tony Alexander King, el del caso \u00abSandra Palo\u00bb, el de \u00abEl Asesino de Valdepe\u00f1as\u00bb y el de \u00abEl Asesino de la Baraja\u00bb.<\/p>\n<p>Adem\u00e1s de su trabajo en los medios, P\u00e9rez Caballero ha participado en conferencias y cursos relacionados con la criminolog\u00eda y la evoluci\u00f3n del delito. Fue profesor de la asignatura \u00abHistoria del crimen y evoluci\u00f3n del delito\u00bb en el grado de Criminolog\u00eda de la Universidad Camilo Jos\u00e9 Cela.<\/p>\n<p>Francisco P\u00e9rez Caballero tambi\u00e9n es miembro del\u00a0<a href=\"https:\/\/colegiocriminologosmadrid.es\/comite-asesor-de-expertos\/\" target=\"_blank\" rel=\"noopener\">Comit\u00e9 de Expertos de CPCM<\/a>, en donde publica frecuentemente p\u00edldoras informativas. Tambi\u00e9n es el creador del podcast en Ivoox \u00ab<a href=\"https:\/\/www.ivoox.com\/podcast-senor-crimenes_sq_f11199536_1.html\" target=\"_blank\" rel=\"noopener\">El se\u00f1or de los cr\u00edmenes<\/a>\u00bb con m\u00e1s de 100 podcast publicados. El podcast explora la naturaleza humana a trav\u00e9s del estudio de cr\u00edmenes violentos y busca comprender y protegerse de los cr\u00edmenes que nos rodean.<\/p>\n<\/div>\n<p>[\/vc_column_text][vc_btn title=\u00bbVolver\u00bb color=\u00bborange\u00bb align=\u00bbcenter\u00bb i_icon_fontawesome=\u00bbfas fa-home\u00bb add_icon=\u00bbtrue\u00bb link=\u00bburl:https%3A%2F%2Fcolegiocriminologosmadrid.es%2FRealidadCriminal\u00bb][\/vc_column][\/vc_row]<\/p>\n<\/section>","protected":false},"excerpt":{"rendered":"<p>[vc_row full_width=\u00bbstretch_row\u00bb row-text-align=\u00bbcenter\u00bb css=\u00bb.vc_custom_1694786609886{padding-top: 5% !important;padding-bottom: 5% !important;}\u00bb][vc_column][vc_single_image image=\u00bb3840&#8243; img_size=\u00bbmedium\u00bb alignment=\u00bbcenter\u00bb style=\u00bbvc_box_border_circle_2&#8243;][vc_column_text] Francisco P\u00e9rez Caballero es un periodista, reportero, presentador de televisi\u00f3n y escritor con una larga trayectoria en los medios de comunicaci\u00f3n espa\u00f1oles. Es autor de varios libros, entre&#8230;<\/p>\n","protected":false},"author":1,"featured_media":3838,"comment_status":"open","ping_status":"closed","template":"","meta":{"footnotes":""},"speaker-category":[],"speaker-tags":[109],"location":[],"class_list":["post-3837","speaker","type-speaker","status-publish","has-post-thumbnail","hentry","speaker-tags-speaker"],"_links":{"self":[{"href":"https:\/\/colegiocriminologosmadrid.es\/RealidadCriminal\/wp-json\/wp\/v2\/speaker\/3837","targetHints":{"allow":["GET"]}}],"collection":[{"href":"https:\/\/colegiocriminologosmadrid.es\/RealidadCriminal\/wp-json\/wp\/v2\/speaker"}],"about":[{"href":"https:\/\/colegiocriminologosmadrid.es\/RealidadCriminal\/wp-json\/wp\/v2\/types\/speaker"}],"author":[{"embeddable":true,"href":"https:\/\/colegiocriminologosmadrid.es\/RealidadCriminal\/wp-json\/wp\/v2\/users\/1"}],"replies":[{"embeddable":true,"href":"https:\/\/colegiocriminologosmadrid.es\/RealidadCriminal\/wp-json\/wp\/v2\/comments?post=3837"}],"version-history":[{"count":3,"href":"https:\/\/colegiocriminologosmadrid.es\/RealidadCriminal\/wp-json\/wp\/v2\/speaker\/3837\/revisions"}],"predecessor-version":[{"id":3842,"href":"https:\/\/colegiocriminologosmadrid.es\/RealidadCriminal\/wp-json\/wp\/v2\/speaker\/3837\/revisions\/3842"}],"wp:featuredmedia":[{"embeddable":true,"href":"https:\/\/colegiocriminologosmadrid.es\/RealidadCriminal\/wp-json\/wp\/v2\/media\/3838"}],"wp:attachment":[{"href":"https:\/\/colegiocriminologosmadrid.es\/RealidadCriminal\/wp-json\/wp\/v2\/media?parent=3837"}],"wp:term":[{"taxonomy":"speaker-category","embeddable":true,"href":"https:\/\/colegiocriminologosmadrid.es\/RealidadCriminal\/wp-json\/wp\/v2\/speaker-category?post=3837"},{"taxonomy":"speaker-tags","embeddable":true,"href":"https:\/\/colegiocriminologosmadrid.es\/RealidadCriminal\/wp-json\/wp\/v2\/speaker-tags?post=3837"},{"taxonomy":"location","embeddable":true,"href":"https:\/\/colegiocriminologosmadrid.es\/RealidadCriminal\/wp-json\/wp\/v2\/location?post=3837"}],"curies":[{"name":"wp","href":"https:\/\/api.w.org\/{rel}","templated":true}]}}