{"id":895,"date":"2018-12-01T14:11:40","date_gmt":"2018-12-01T14:11:40","guid":{"rendered":"https:\/\/demo.gloriathemes.com\/eventchamp\/demo\/?page_id=895"},"modified":"2024-02-08T11:37:01","modified_gmt":"2024-02-08T11:37:01","slug":"business-event","status":"publish","type":"page","link":"https:\/\/colegiocriminologosmadrid.es\/RealidadCriminal\/","title":{"rendered":"La ciencia criminol\u00f3gica: an\u00e1lisis pr\u00e1ctico y aportaci\u00f3n hol\u00edstica de la realidad\u00a0criminal"},"content":{"rendered":"<section class=\"wpb-content-wrapper\"><p>[vc_row full_width=\u00bbstretch_row_content_no_spaces\u00bb][vc_column]<div class=\"gt-countdown-slider gt-style-1\" style=\"height:100vh;\"><div class=\"swiper-container gt-swiper-slider\" data-gt-item=\"1\" data-gt-item-space=\"0\" data-gt-loop=\"true\" data-gt-speed=\"1500\" data-gt-direction=\"horizontal\" data-gt-effect=\"fade\" data-gt-centered-slides=\"false\" data-gt-free-mode=\"false\"><div class=\"swiper-wrapper\"><div class=\"swiper-slide\" data-swiper-autoplay=\"5000\"><div class=\"gt-image\" style=\"background-image:url(https:\/\/colegiocriminologosmadrid.es\/RealidadCriminal\/wp-content\/uploads\/2023\/10\/Imagen2-1920x1100.jpg);\"><div class=\"gt-opacity\" style=\"opacity: 0.4; background-color: #000000;\"><\/div><\/div><\/div><div class=\"swiper-slide\" data-swiper-autoplay=\"5000\"><div class=\"gt-image\" style=\"background-image:url(https:\/\/colegiocriminologosmadrid.es\/RealidadCriminal\/wp-content\/uploads\/2023\/10\/imagen4.jpg);\"><div class=\"gt-opacity\" style=\"opacity: 0.4; background-color: #000000;\"><\/div><\/div><\/div><div class=\"swiper-slide\" data-swiper-autoplay=\"5000\"><div class=\"gt-image\" style=\"background-image:url(https:\/\/colegiocriminologosmadrid.es\/RealidadCriminal\/wp-content\/uploads\/2023\/10\/imagen5.jpg);\"><div class=\"gt-opacity\" style=\"opacity: 0.4; background-color: #000000;\"><\/div><\/div><\/div><div class=\"swiper-slide\" data-swiper-autoplay=\"5000\"><div class=\"gt-image\" style=\"background-image:url(https:\/\/colegiocriminologosmadrid.es\/RealidadCriminal\/wp-content\/uploads\/2023\/10\/Imagen3-1920x1100.jpg);\"><div class=\"gt-opacity\" style=\"opacity: 0.4; background-color: #000000;\"><\/div><\/div><\/div><\/div><\/div><div class=\"gt-slider-content\"><div class=\"gt-address-date\">21 de noviembre a 23 de enero (ONLINE)<\/div><div class=\"gt-title\"><div class=\"gt-title-inner\"><span class=\"gt-primary\">An\u00e1lisis y aportaci\u00f3n hol\u00edstica<\/span><span class=\"gt-secondary\">de la realidad criminal.<\/span><\/div><\/div><div class=\"gt-text\">Estudio interdisciplinar de la ciencia criminol\u00f3gica.<\/div><div class=\"gt-buttons\"><a href=\"#About\" target=\"_parent\"><span>Sobre el curso<\/span><\/a><a href=\"#Programa\" target=\"_parent\"><span>Programa<\/span><\/a><\/div><\/div><div class=\"gt-counter\"><div class=\"gt-counter-inner\"><div class=\"gt-day\"><div class=\"wrapper\"><div class=\"gt-count\"><\/div><div class=\"gt-title\">D\u00edas<\/div><\/div><\/div><div class=\"gt-hour\"><div class=\"wrapper\"><div class=\"gt-count\"><\/div><div class=\"gt-title\">Horas<\/div><\/div><\/div><div class=\"gt-minute\"><div class=\"wrapper\"><div class=\"gt-count\"><\/div><div class=\"gt-title\">Minutos<\/div><\/div><\/div><div class=\"gt-second\"><div class=\"wrapper\"><div class=\"gt-count\"><\/div><div class=\"gt-title\">Segundos<\/div><\/div><\/div><\/div><script type='text\/javascript'>\r\n\t\t\t\t\t\t\t\tjQuery(document).ready(function($){\r\n\t\t\t\t\t\t\t\t\t$('.gt-counter-inner').countdown('2023\/11\/21 19:00:00', function(event) {\r\n\t\t\t\t\t\t\t\t\t\t$('.gt-day .gt-count').html(event.strftime('%D'));\r\n\t\t\t\t\t\t\t\t\t\t$('.gt-hour .gt-count').html(event.strftime('%H'));\r\n\t\t\t\t\t\t\t\t\t\t$('.gt-minute .gt-count').html(event.strftime('%M'));\r\n\t\t\t\t\t\t\t\t\t\t$('.gt-second .gt-count').html(event.strftime('%S'));\r\n\t\t\t\t\t\t\t\t\t});\r\n\t\t\t\t\t\t\t\t});\r\n\t\t\t\t\t\t\t<\/script><\/div><\/div>[\/vc_column][\/vc_row][vc_row el_id=\u00bbAbout\u00bb][vc_column][vc_empty_space height=\u00bb110px\u00bb]<div class=\"gt-heading gt-dark gt-size1 gt-align-center\"><div class=\"gt-title\">La ciencia criminol\u00f3gica: <span>An\u00e1lisis pr\u00e1ctico y aportaci\u00f3n hol\u00edstica de la realidad criminal<\/span><\/div><\/div>[vc_column_text css_animation=\u00bbfadeIn\u00bb el_class=\u00bbgt-text sobre justificado\u00bb css=\u00bb.vc_custom_1696869938479{margin-top: 2% !important;}\u00bb]\u00a1Bienvenidos al Curso Online \u00ab<strong>La ciencia criminol\u00f3gica: an\u00e1lisis pr\u00e1ctico y aportaci\u00f3n hol\u00edstica de la realidad criminal<\/strong>\u00ab! Este curso excepcional organizado por el <a href=\"https:\/\/colegiocriminologosmadrid.es\/comite-asesor-de-expertos\/\" target=\"_blank\" rel=\"noopener\"><strong>Comit\u00e9 Asesor de Expertos<\/strong><\/a> del <a href=\"https:\/\/colegiocriminologosmadrid.es\" target=\"_blank\" rel=\"noopener\">Colegio Profesional de la Criminolog\u00eda de la Comunidad de Madrid (<strong>CPCM<\/strong>)<\/a> re\u00fane a destacados expertos y profesionales en el campo de la criminolog\u00eda para explorar las dimensiones m\u00e1s intrigantes y desafiantes de la delincuencia y el comportamiento criminal.<\/p>\n<p>Nuestros distinguidos ponentes compartir\u00e1n sus conocimientos y experiencias en una amplia gama de temas, desde delitos relacionados con el deporte y la corrupci\u00f3n hasta la violencia y la enfermedad mental, pasando por cr\u00edmenes medi\u00e1ticos y cuestiones actuales en el \u00e1mbito jur\u00eddico.<\/p>\n<p>Cada ponente, con su experiencia \u00fanica, ofrecer\u00e1 una perspectiva valiosa y esclarecedora sobre los desaf\u00edos y las tendencias actuales en criminolog\u00eda. Desde el an\u00e1lisis de casos de gran relevancia hasta la exploraci\u00f3n de metodolog\u00edas de vanguardia, este curso promete ser una fuente de conocimiento inigualable para estudiantes, acad\u00e9micos, profesionales y cualquier persona interesada en comprender mejor la compleja realidad criminal.<\/p>\n<p>No pierdas la oportunidad de participar en este evento online, donde podr\u00e1s acceder a las \u00faltimas investigaciones, tendencias y herramientas en el campo de la criminolog\u00eda. \u00a1Prep\u00e1rate para un viaje intelectual fascinante que te llevar\u00e1 a trav\u00e9s de los rincones m\u00e1s oscuros y misteriosos de la delincuencia y la justicia penal![\/vc_column_text][vc_row_inner][vc_column_inner width=\u00bb1\/2&#8243; offset=\u00bbvc_col-lg-3 vc_col-md-3 vc_col-xs-12&#8243;][vc_icon icon_fontawesome=\u00bbfar fa-calendar-alt\u00bb color=\u00bbcustom\u00bb background_style=\u00bbrounded\u00bb background_color=\u00bbcustom\u00bb align=\u00bbcenter\u00bb css_animation=\u00bbfadeIn\u00bb custom_color=\u00bb#ffbb00&#8243; css=\u00bb.vc_custom_1676937180820{margin-bottom: 0px !important;padding-bottom: 0px !important;border-radius: 35px !important;}\u00bb][vc_column_text css=\u00bb.vc_custom_1696870016999{margin-top: 0px !important;padding-top: 0px !important;}\u00bb]<\/p>\n<p style=\"text-align: center; color: #ffbb00; font-size: 130%;\"><strong>100% Online<\/strong><\/p>\n<p style=\"text-align: center;\">10 clases de 2 horas.<\/p>\n<p>[\/vc_column_text][\/vc_column_inner][vc_column_inner width=\u00bb1\/2&#8243; offset=\u00bbvc_col-lg-3 vc_col-md-3 vc_col-xs-12&#8243;][vc_icon icon_fontawesome=\u00bbfas fa-tasks\u00bb color=\u00bbcustom\u00bb background_style=\u00bbrounded\u00bb background_color=\u00bbcustom\u00bb align=\u00bbcenter\u00bb css_animation=\u00bbfadeIn\u00bb custom_color=\u00bb#ffbb00&#8243; css=\u00bb.vc_custom_1676937145292{margin-bottom: 0px !important;padding-bottom: 0px !important;border-radius: 35px !important;}\u00bb][vc_column_text css=\u00bb.vc_custom_1696870028333{margin-top: 0px !important;padding-top: 0px !important;}\u00bb]<\/p>\n<p style=\"text-align: center; color: #ffbb00; font-size: 130%;\"><strong>En directo o diferido<\/strong><\/p>\n<p style=\"text-align: center;\">Acceso a grabaciones durante 30 d\u00edas.<\/p>\n<p>[\/vc_column_text][\/vc_column_inner][vc_column_inner width=\u00bb1\/2&#8243; offset=\u00bbvc_col-lg-3 vc_col-md-3 vc_col-xs-12&#8243;][vc_icon icon_fontawesome=\u00bbfas fa-microphone\u00bb color=\u00bbcustom\u00bb background_style=\u00bbrounded\u00bb background_color=\u00bbcustom\u00bb align=\u00bbcenter\u00bb css_animation=\u00bbfadeIn\u00bb custom_color=\u00bb#ffbb00&#8243; css=\u00bb.vc_custom_1676936961457{margin-bottom: 0px !important;padding-bottom: 0px !important;border-radius: 35px !important;}\u00bb][vc_column_text css=\u00bb.vc_custom_1696870061509{margin-top: 0px !important;padding-top: 0px !important;}\u00bb]<\/p>\n<p style=\"text-align: center; color: #ffbb00; font-size: 130%;\"><strong>Ponentes Internacionales<\/strong><\/p>\n<p style=\"text-align: center;\">Participaci\u00f3n de ponentes a nivel Internacional<\/p>\n<p>[\/vc_column_text][\/vc_column_inner][vc_column_inner width=\u00bb1\/2&#8243; offset=\u00bbvc_col-lg-3 vc_col-md-3 vc_col-xs-12&#8243;][vc_icon icon_fontawesome=\u00bbfas fa-scroll\u00bb color=\u00bbcustom\u00bb background_style=\u00bbrounded\u00bb background_color=\u00bbcustom\u00bb align=\u00bbcenter\u00bb css_animation=\u00bbfadeIn\u00bb custom_color=\u00bb#ffbb00&#8243; css=\u00bb.vc_custom_1676937244281{margin-bottom: 0px !important;padding-bottom: 0px !important;border-radius: 35px !important;}\u00bb][vc_column_text css=\u00bb.vc_custom_1696870070105{margin-top: 0px !important;padding-top: 0px !important;}\u00bb]<\/p>\n<p style=\"text-align: center; color: #ffbb00; font-size: 130%;\"><strong>Certificado de Asistencia<\/strong><\/p>\n<p style=\"text-align: center;\">Posibilidad de solicitar certificado de asistencia en formato digital.<\/p>\n<p>[\/vc_column_text][\/vc_column_inner][\/vc_row_inner][vc_empty_space height=\u00bb45px\u00bb][\/vc_column][\/vc_row][vc_row full_width=\u00bbstretch_row\u00bb row-text-align=\u00bbcenter\u00bb background-position=\u00bbcenter-center\u00bb background-attachment=\u00bbfixed\u00bb css=\u00bb.vc_custom_1696354377823{padding-top: 5% !important;padding-bottom: 5% !important;background: #121219 url(https:\/\/colegiocriminologosmadrid.es\/RealidadCriminal\/wp-content\/uploads\/2023\/02\/online.jpg?id=3062) !important;background-position: center !important;background-repeat: no-repeat !important;background-size: cover !important;}\u00bb el_id=\u00bbonline\u00bb][vc_column][vc_empty_space height=\u00bb2%\u00bb]<div class=\"gt-heading gt-white gt-size1 gt-align-center\"><div class=\"gt-title\">En directo o diferido <span>\u00a1T\u00fa decides!<\/span><\/div><\/div>[vc_column_text css_animation=\u00bbfadeIn\u00bb el_class=\u00bbgt-text concentracion\u00bb css=\u00bb.vc_custom_1707392216280{margin-top: 2% !important;}\u00bb]Te invitamos a experimentar la experiencia \u00fanica de nuestro Curso online sobre la ciencia criminol\u00f3gica, donde la participaci\u00f3n en vivo marca la diferencia. Aunque ofrecemos la flexibilidad de ver las grabaciones en diferido, estar presente en tiempo real te brinda una serie de ventajas incomparables.<\/p>\n<p>Al unirte en vivo, tendr\u00e1s la oportunidad de interactuar de manera directa con nuestros distinguidos ponentes, lo que te permitir\u00e1 hacer preguntas, obtener aclaraciones y explorar a\u00fan m\u00e1s los temas que m\u00e1s te interesen sobre la realidad criminal. Es tu oportunidad de involucrarte activamente en las discusiones y obtener respuestas inmediatas a tus inquietudes por parte de los expertos en criminolog\u00eda. Con un 80% de asistencia en vivo podr\u00e1s optar adem\u00e1s a solicitar el Certificado Digital de asistencia al curso.<\/p>\n<p>Adem\u00e1s, el curso en vivo te proporciona una plataforma excepcional para establecer contactos y expandir tu red profesional. A trav\u00e9s de sesiones de networking en l\u00ednea, podr\u00e1s conectarte con colegas de todo el mundo, intercambiar ideas, compartir experiencias y potenciar tu presencia en la comunidad de criminolog\u00eda.<\/p>\n<p>No subestimes el poder de la inmediatez y la conexi\u00f3n en vivo. \u00danete a nosotros <strong>en tiempo real<\/strong> y s\u00e9 parte de una experiencia que va m\u00e1s all\u00e1 de las grabaciones est\u00e1ticas.\u00a0 \u00a1Te esperamos en el evento en vivo para que vivas esta experiencia en su m\u00e1xima expresi\u00f3n![\/vc_column_text][vc_empty_space height=\u00bb2%\u00bb][\/vc_column][\/vc_row][vc_row full_width=\u00bbstretch_row\u00bb css=\u00bb.vc_custom_1543694439871{background-color: #f9f9f9 !important;}\u00bb el_id=\u00bbSpeakers\u00bb][vc_column][vc_empty_space height=\u00bb75px\u00bb]<div class=\"gt-heading gt-dark gt-size1 gt-align-center\"><div class=\"gt-title\">Nuestros <span>Ponentes<\/span><\/div><\/div>[vc_column_text css_animation=\u00bbfadeIn\u00bb el_class=\u00bbgt-text sobre\u00bb css=\u00bb.vc_custom_1696869336415{margin-top: 2% !important;}\u00bb]La calidad de los ponentes es un factor clave en cualquier evento de Criminolog\u00eda y, en este caso, para hablar de la ciencia criminol\u00f3gica y la realidad criminal, nos enorgullece contar con la participaci\u00f3n de los y las profesionales que se relacionan a continuaci\u00f3n:[\/vc_column_text]<div class=\"gt-get-event-content\"><div class=\"gt-speakers gt-columns gt-column-4 gt-column-space-30\"><div class=\"gt-col\"><div class=\"gt-inner\"><div class=\"gt-speaker gt-style-4\"><div class=\"gt-image\"><a href=\"https:\/\/colegiocriminologosmadrid.es\/RealidadCriminal\/speaker\/begona-romero\/\"><img loading=\"lazy\" decoding=\"async\" width=\"350\" height=\"350\" src=\"https:\/\/colegiocriminologosmadrid.es\/RealidadCriminal\/wp-content\/uploads\/2023\/10\/begonaromero-350x350.jpeg\" class=\"attachment-eventchamp-thumbnail size-eventchamp-thumbnail\" alt=\"\" srcset=\"https:\/\/colegiocriminologosmadrid.es\/RealidadCriminal\/wp-content\/uploads\/2023\/10\/begonaromero-350x350.jpeg 350w, https:\/\/colegiocriminologosmadrid.es\/RealidadCriminal\/wp-content\/uploads\/2023\/10\/begonaromero-300x300.jpeg 300w, https:\/\/colegiocriminologosmadrid.es\/RealidadCriminal\/wp-content\/uploads\/2023\/10\/begonaromero-150x150.jpeg 150w, https:\/\/colegiocriminologosmadrid.es\/RealidadCriminal\/wp-content\/uploads\/2023\/10\/begonaromero-768x768.jpeg 768w, https:\/\/colegiocriminologosmadrid.es\/RealidadCriminal\/wp-content\/uploads\/2023\/10\/begonaromero-650x650.jpeg 650w, https:\/\/colegiocriminologosmadrid.es\/RealidadCriminal\/wp-content\/uploads\/2023\/10\/begonaromero-85x85.jpeg 85w, https:\/\/colegiocriminologosmadrid.es\/RealidadCriminal\/wp-content\/uploads\/2023\/10\/begonaromero.jpeg 800w\" sizes=\"auto, (max-width: 350px) 100vw, 350px\"><\/a><\/div><div class=\"gt-content\"><a href=\"https:\/\/colegiocriminologosmadrid.es\/RealidadCriminal\/speaker\/begona-romero\/\"><\/a><div class=\"gt-name\"><a href=\"https:\/\/colegiocriminologosmadrid.es\/RealidadCriminal\/speaker\/begona-romero\/\">Bego\u00f1a de Madrid<\/a><\/div><div class=\"gt-profession\">Criminolog\u00eda Corporativa: metodolog\u00eda de an\u00e1lisis de  riesgos<\/div><\/div><\/div><\/div><\/div><div class=\"gt-col\"><div class=\"gt-inner\"><div class=\"gt-speaker gt-style-4\"><div class=\"gt-image\"><a href=\"https:\/\/colegiocriminologosmadrid.es\/RealidadCriminal\/speaker\/susana-alwasity\/\"><img loading=\"lazy\" decoding=\"async\" width=\"200\" height=\"200\" src=\"https:\/\/colegiocriminologosmadrid.es\/RealidadCriminal\/wp-content\/uploads\/2023\/10\/susana_alwasity-200x200-1.jpg\" class=\"attachment-eventchamp-thumbnail size-eventchamp-thumbnail\" alt=\"\" srcset=\"https:\/\/colegiocriminologosmadrid.es\/RealidadCriminal\/wp-content\/uploads\/2023\/10\/susana_alwasity-200x200-1.jpg 200w, https:\/\/colegiocriminologosmadrid.es\/RealidadCriminal\/wp-content\/uploads\/2023\/10\/susana_alwasity-200x200-1-150x150.jpg 150w, https:\/\/colegiocriminologosmadrid.es\/RealidadCriminal\/wp-content\/uploads\/2023\/10\/susana_alwasity-200x200-1-85x85.jpg 85w\" sizes=\"auto, (max-width: 200px) 100vw, 200px\"><\/a><\/div><div class=\"gt-content\"><a href=\"https:\/\/colegiocriminologosmadrid.es\/RealidadCriminal\/speaker\/susana-alwasity\/\"><\/a><div class=\"gt-name\"><a href=\"https:\/\/colegiocriminologosmadrid.es\/RealidadCriminal\/speaker\/susana-alwasity\/\">Susana Alwasity<\/a><\/div><div class=\"gt-profession\">Ciberinteligencia: detecci\u00f3n y an\u00e1lisis de ciberamenazas<\/div><\/div><\/div><\/div><\/div><div class=\"gt-col\"><div class=\"gt-inner\"><div class=\"gt-speaker gt-style-4\"><div class=\"gt-image\"><a href=\"https:\/\/colegiocriminologosmadrid.es\/RealidadCriminal\/speaker\/ana-isabel-serrano\/\"><img loading=\"lazy\" decoding=\"async\" width=\"350\" height=\"350\" src=\"https:\/\/colegiocriminologosmadrid.es\/RealidadCriminal\/wp-content\/uploads\/2023\/09\/ana-isabel-serrano-cpcm.jpg\" class=\"attachment-eventchamp-thumbnail size-eventchamp-thumbnail\" alt=\"\" srcset=\"https:\/\/colegiocriminologosmadrid.es\/RealidadCriminal\/wp-content\/uploads\/2023\/09\/ana-isabel-serrano-cpcm.jpg 350w, https:\/\/colegiocriminologosmadrid.es\/RealidadCriminal\/wp-content\/uploads\/2023\/09\/ana-isabel-serrano-cpcm-300x300.jpg 300w, https:\/\/colegiocriminologosmadrid.es\/RealidadCriminal\/wp-content\/uploads\/2023\/09\/ana-isabel-serrano-cpcm-150x150.jpg 150w, https:\/\/colegiocriminologosmadrid.es\/RealidadCriminal\/wp-content\/uploads\/2023\/09\/ana-isabel-serrano-cpcm-85x85.jpg 85w\" sizes=\"auto, (max-width: 350px) 100vw, 350px\"><\/a><\/div><div class=\"gt-content\"><a href=\"https:\/\/colegiocriminologosmadrid.es\/RealidadCriminal\/speaker\/ana-isabel-serrano\/\"><\/a><div class=\"gt-name\"><a href=\"https:\/\/colegiocriminologosmadrid.es\/RealidadCriminal\/speaker\/ana-isabel-serrano\/\">Ana Isabel Serrano<\/a><\/div><div class=\"gt-profession\">Aspectos de actualidad jur\u00eddica en materia de VdG<\/div><\/div><\/div><\/div><\/div><div class=\"gt-col\"><div class=\"gt-inner\"><div class=\"gt-speaker gt-style-4\"><div class=\"gt-image\"><a href=\"https:\/\/colegiocriminologosmadrid.es\/RealidadCriminal\/speaker\/patricia-martin-garcia\/\"><img loading=\"lazy\" decoding=\"async\" width=\"326\" height=\"350\" src=\"https:\/\/colegiocriminologosmadrid.es\/RealidadCriminal\/wp-content\/uploads\/2023\/09\/FOTO-PMG-326x350.jpg\" class=\"attachment-eventchamp-thumbnail size-eventchamp-thumbnail\" alt=\"\" 0=\"\"><\/a><\/div><div class=\"gt-content\"><a href=\"https:\/\/colegiocriminologosmadrid.es\/RealidadCriminal\/speaker\/patricia-martin-garcia\/\"><\/a><div class=\"gt-name\"><a href=\"https:\/\/colegiocriminologosmadrid.es\/RealidadCriminal\/speaker\/patricia-martin-garcia\/\">Patricia Mart\u00edn Garc\u00eda<\/a><\/div><div class=\"gt-profession\">El papel del OSINT como herramienta en los estudios criminol\u00f3gicos: obtenci\u00f3n de inteligencia a trav\u00e9s de fuentes abiertas<\/div><\/div><\/div><\/div><\/div><div class=\"gt-col\"><div class=\"gt-inner\"><div class=\"gt-speaker gt-style-4\"><div class=\"gt-image\"><a href=\"https:\/\/colegiocriminologosmadrid.es\/RealidadCriminal\/speaker\/carlos-fuertes-iglesias\/\"><img loading=\"lazy\" decoding=\"async\" width=\"200\" height=\"200\" src=\"https:\/\/colegiocriminologosmadrid.es\/RealidadCriminal\/wp-content\/uploads\/2023\/09\/CarlosFuertes-200x200-1.webp\" class=\"attachment-eventchamp-thumbnail size-eventchamp-thumbnail\" alt=\"\" 0=\"\" srcset=\"https:\/\/colegiocriminologosmadrid.es\/RealidadCriminal\/wp-content\/uploads\/2023\/09\/CarlosFuertes-200x200-1.webp 200w, https:\/\/colegiocriminologosmadrid.es\/RealidadCriminal\/wp-content\/uploads\/2023\/09\/CarlosFuertes-200x200-1-150x150.webp 150w, https:\/\/colegiocriminologosmadrid.es\/RealidadCriminal\/wp-content\/uploads\/2023\/09\/CarlosFuertes-200x200-1-85x85.webp 85w\" sizes=\"auto, (max-width: 200px) 100vw, 200px\"><\/a><\/div><div class=\"gt-content\"><a href=\"https:\/\/colegiocriminologosmadrid.es\/RealidadCriminal\/speaker\/carlos-fuertes-iglesias\/\"><\/a><div class=\"gt-name\"><a href=\"https:\/\/colegiocriminologosmadrid.es\/RealidadCriminal\/speaker\/carlos-fuertes-iglesias\/\">Carlos Fuertes Iglesias<\/a><\/div><div class=\"gt-profession\">Cuestiones conflictivas entorno a los delitos contra la libertad e indemnidad sexuales tras las diversas reformas del C\u00f3digo Penal.<\/div><\/div><\/div><\/div><\/div><div class=\"gt-col\"><div class=\"gt-inner\"><div class=\"gt-speaker gt-style-4\"><div class=\"gt-image\"><a href=\"https:\/\/colegiocriminologosmadrid.es\/RealidadCriminal\/speaker\/jose-julian-isturitz\/\"><img loading=\"lazy\" decoding=\"async\" width=\"200\" height=\"200\" src=\"https:\/\/colegiocriminologosmadrid.es\/RealidadCriminal\/wp-content\/uploads\/2023\/09\/jose_julian-200x200-1.webp\" class=\"attachment-eventchamp-thumbnail size-eventchamp-thumbnail\" alt=\"\" 0=\"\" srcset=\"https:\/\/colegiocriminologosmadrid.es\/RealidadCriminal\/wp-content\/uploads\/2023\/09\/jose_julian-200x200-1.webp 200w, https:\/\/colegiocriminologosmadrid.es\/RealidadCriminal\/wp-content\/uploads\/2023\/09\/jose_julian-200x200-1-150x150.webp 150w, https:\/\/colegiocriminologosmadrid.es\/RealidadCriminal\/wp-content\/uploads\/2023\/09\/jose_julian-200x200-1-85x85.webp 85w\" sizes=\"auto, (max-width: 200px) 100vw, 200px\"><\/a><\/div><div class=\"gt-content\"><a href=\"https:\/\/colegiocriminologosmadrid.es\/RealidadCriminal\/speaker\/jose-julian-isturitz\/\"><\/a><div class=\"gt-name\"><a href=\"https:\/\/colegiocriminologosmadrid.es\/RealidadCriminal\/speaker\/jose-julian-isturitz\/\">Jos\u00e9 Juli\u00e1n Isturitz<\/a><\/div><div class=\"gt-profession\">An\u00e1lisis criminol\u00f3gico de los eventos de p\u00fablica  concurrencia: el caso Madrid Arena.<\/div><\/div><\/div><\/div><\/div><div class=\"gt-col\"><div class=\"gt-inner\"><div class=\"gt-speaker gt-style-4\"><div class=\"gt-image\"><a href=\"https:\/\/colegiocriminologosmadrid.es\/RealidadCriminal\/speaker\/martin-balderrama\/\"><img loading=\"lazy\" decoding=\"async\" width=\"200\" height=\"200\" src=\"https:\/\/colegiocriminologosmadrid.es\/RealidadCriminal\/wp-content\/uploads\/2023\/09\/balderrama-200x200-1.webp\" class=\"attachment-eventchamp-thumbnail size-eventchamp-thumbnail\" alt=\"\" 0=\"\" srcset=\"https:\/\/colegiocriminologosmadrid.es\/RealidadCriminal\/wp-content\/uploads\/2023\/09\/balderrama-200x200-1.webp 200w, https:\/\/colegiocriminologosmadrid.es\/RealidadCriminal\/wp-content\/uploads\/2023\/09\/balderrama-200x200-1-150x150.webp 150w, https:\/\/colegiocriminologosmadrid.es\/RealidadCriminal\/wp-content\/uploads\/2023\/09\/balderrama-200x200-1-85x85.webp 85w\" sizes=\"auto, (max-width: 200px) 100vw, 200px\"><\/a><\/div><div class=\"gt-content\"><a href=\"https:\/\/colegiocriminologosmadrid.es\/RealidadCriminal\/speaker\/martin-balderrama\/\"><\/a><div class=\"gt-name\"><a href=\"https:\/\/colegiocriminologosmadrid.es\/RealidadCriminal\/speaker\/martin-balderrama\/\">Mart\u00edn Balderrama<\/a><\/div><div class=\"gt-profession\">Intervenci\u00f3n Criminal\u00edstica en casos de Feminicidio y trans feminicidio<\/div><\/div><\/div><\/div><\/div><div class=\"gt-col\"><div class=\"gt-inner\"><div class=\"gt-speaker gt-style-4\"><div class=\"gt-image\"><a href=\"https:\/\/colegiocriminologosmadrid.es\/RealidadCriminal\/speaker\/juan-rada-cpcm\/\"><img loading=\"lazy\" decoding=\"async\" width=\"200\" height=\"200\" src=\"https:\/\/colegiocriminologosmadrid.es\/RealidadCriminal\/wp-content\/uploads\/2023\/09\/juan_rada-200x200-1.webp\" class=\"attachment-eventchamp-thumbnail size-eventchamp-thumbnail\" alt=\"\" 0=\"\" srcset=\"https:\/\/colegiocriminologosmadrid.es\/RealidadCriminal\/wp-content\/uploads\/2023\/09\/juan_rada-200x200-1.webp 200w, https:\/\/colegiocriminologosmadrid.es\/RealidadCriminal\/wp-content\/uploads\/2023\/09\/juan_rada-200x200-1-150x150.webp 150w, https:\/\/colegiocriminologosmadrid.es\/RealidadCriminal\/wp-content\/uploads\/2023\/09\/juan_rada-200x200-1-85x85.webp 85w\" sizes=\"auto, (max-width: 200px) 100vw, 200px\"><\/a><\/div><div class=\"gt-content\"><a href=\"https:\/\/colegiocriminologosmadrid.es\/RealidadCriminal\/speaker\/juan-rada-cpcm\/\"><\/a><div class=\"gt-name\"><a href=\"https:\/\/colegiocriminologosmadrid.es\/RealidadCriminal\/speaker\/juan-rada-cpcm\/\">Juan Rada<\/a><\/div><div class=\"gt-profession\">Cr\u00edmenes y criminales medi\u00e1ticos<\/div><\/div><\/div><\/div><\/div><div class=\"gt-col\"><div class=\"gt-inner\"><div class=\"gt-speaker gt-style-4\"><div class=\"gt-image\"><a href=\"https:\/\/colegiocriminologosmadrid.es\/RealidadCriminal\/speaker\/jose-carlos-fuertes-rocanin\/\"><img loading=\"lazy\" decoding=\"async\" width=\"200\" height=\"200\" src=\"https:\/\/colegiocriminologosmadrid.es\/RealidadCriminal\/wp-content\/uploads\/2023\/09\/jose_carlos_fuertes-200x200-1.webp\" class=\"attachment-eventchamp-thumbnail size-eventchamp-thumbnail\" alt=\"\" 0=\"\" srcset=\"https:\/\/colegiocriminologosmadrid.es\/RealidadCriminal\/wp-content\/uploads\/2023\/09\/jose_carlos_fuertes-200x200-1.webp 200w, https:\/\/colegiocriminologosmadrid.es\/RealidadCriminal\/wp-content\/uploads\/2023\/09\/jose_carlos_fuertes-200x200-1-150x150.webp 150w, https:\/\/colegiocriminologosmadrid.es\/RealidadCriminal\/wp-content\/uploads\/2023\/09\/jose_carlos_fuertes-200x200-1-85x85.webp 85w\" sizes=\"auto, (max-width: 200px) 100vw, 200px\"><\/a><\/div><div class=\"gt-content\"><a href=\"https:\/\/colegiocriminologosmadrid.es\/RealidadCriminal\/speaker\/jose-carlos-fuertes-rocanin\/\"><\/a><div class=\"gt-name\"><a href=\"https:\/\/colegiocriminologosmadrid.es\/RealidadCriminal\/speaker\/jose-carlos-fuertes-rocanin\/\">Jos\u00e9 Carlos Fuertes Roca\u00f1in<\/a><\/div><div class=\"gt-profession\">Violencia, agresividad y enfermedad mental: de los t\u00f3picos a la realidad<\/div><\/div><\/div><\/div><\/div><div class=\"gt-col\"><div class=\"gt-inner\"><div class=\"gt-speaker gt-style-4\"><div class=\"gt-image\"><a href=\"https:\/\/colegiocriminologosmadrid.es\/RealidadCriminal\/speaker\/francisco-perez-caballero-cpcm\/\"><img loading=\"lazy\" decoding=\"async\" width=\"200\" height=\"200\" src=\"https:\/\/colegiocriminologosmadrid.es\/RealidadCriminal\/wp-content\/uploads\/2023\/09\/francisco_perez_caballero-200x200-1.webp\" class=\"attachment-eventchamp-thumbnail size-eventchamp-thumbnail\" alt=\"\" 0=\"\" srcset=\"https:\/\/colegiocriminologosmadrid.es\/RealidadCriminal\/wp-content\/uploads\/2023\/09\/francisco_perez_caballero-200x200-1.webp 200w, https:\/\/colegiocriminologosmadrid.es\/RealidadCriminal\/wp-content\/uploads\/2023\/09\/francisco_perez_caballero-200x200-1-150x150.webp 150w, https:\/\/colegiocriminologosmadrid.es\/RealidadCriminal\/wp-content\/uploads\/2023\/09\/francisco_perez_caballero-200x200-1-85x85.webp 85w\" sizes=\"auto, (max-width: 200px) 100vw, 200px\"><\/a><\/div><div class=\"gt-content\"><a href=\"https:\/\/colegiocriminologosmadrid.es\/RealidadCriminal\/speaker\/francisco-perez-caballero-cpcm\/\"><\/a><div class=\"gt-name\"><a href=\"https:\/\/colegiocriminologosmadrid.es\/RealidadCriminal\/speaker\/francisco-perez-caballero-cpcm\/\">Francisco P\u00e9rez Caballero<\/a><\/div><div class=\"gt-profession\">El mal desde la cr\u00f3nica de sucesos<\/div><\/div><\/div><\/div><\/div><div class=\"gt-col\"><div class=\"gt-inner\"><div class=\"gt-speaker gt-style-4\"><div class=\"gt-image\"><a href=\"https:\/\/colegiocriminologosmadrid.es\/RealidadCriminal\/speaker\/juan-carlos-soto-del-castillo\/\"><img loading=\"lazy\" decoding=\"async\" width=\"200\" height=\"200\" src=\"https:\/\/colegiocriminologosmadrid.es\/RealidadCriminal\/wp-content\/uploads\/2023\/09\/JuanCarlosSoto-200x200-1.webp\" class=\"attachment-eventchamp-thumbnail size-eventchamp-thumbnail\" alt=\"\" 0=\"\" srcset=\"https:\/\/colegiocriminologosmadrid.es\/RealidadCriminal\/wp-content\/uploads\/2023\/09\/JuanCarlosSoto-200x200-1.webp 200w, https:\/\/colegiocriminologosmadrid.es\/RealidadCriminal\/wp-content\/uploads\/2023\/09\/JuanCarlosSoto-200x200-1-150x150.webp 150w, https:\/\/colegiocriminologosmadrid.es\/RealidadCriminal\/wp-content\/uploads\/2023\/09\/JuanCarlosSoto-200x200-1-85x85.webp 85w\" sizes=\"auto, (max-width: 200px) 100vw, 200px\"><\/a><\/div><div class=\"gt-content\"><a href=\"https:\/\/colegiocriminologosmadrid.es\/RealidadCriminal\/speaker\/juan-carlos-soto-del-castillo\/\"><\/a><div class=\"gt-name\"><a href=\"https:\/\/colegiocriminologosmadrid.es\/RealidadCriminal\/speaker\/juan-carlos-soto-del-castillo\/\">Juan Carlos Soto del Castillo<\/a><\/div><div class=\"gt-profession\">Delitos y deporte: dopaje y corrupci\u00f3n (compra de partidos)<\/div><\/div><\/div><\/div><\/div><\/div><\/div>[\/vc_column][\/vc_row][vc_row el_id=\u00bbPrograma\u00bb][vc_column][vc_empty_space height=\u00bb75px\u00bb]<div class=\"gt-heading gt-dark gt-size1 gt-align-center\"><div class=\"gt-title\">Consulta nuestro <span>Programa<\/span><\/div><\/div>[vc_empty_space height=\u00bb5%\u00bb css=\u00bb.vc_custom_1677703028928{padding-top: 5% !important;}\u00bb]<div class=\"gt-get-event-content\"><div class=\"gt-event-schedule gt-style-2\"><ul class=\"gt-schedule-tabs nav\" role=\"tablist\"><li><a data-toggle=\"tab\" class=\"active show\" href=\"#gt-event-schedule-1\" role=\"tab\" aria-controls=\"gt-event-schedule-1\" aria-selected=\"true\">Ponencias Online<\/a><\/li><\/ul><div class=\"gt-dropdown\"><div class=\"tab-content\"><div class=\"tab-pane fade active show\" id=\"gt-event-schedule-1\" role=\"tabpanel\" aria-labelledby=\"nav-gt-event-schedule-1-tab\"><div class=\"gt-panel-group\" id=\"event-schedule-accardion-107460\" role=\"tablist\" aria-multiselectable=\"true\"><div class=\"gt-panel\"><div class=\"gt-panel-heading\" role=\"tab\" id=\"event-schedule-heading-769586\"><a role=\"button\" data-toggle=\"collapse\" data-parent=\"#event-schedule-accardion-107460\" href=\"#event-schedule-collapse-769586\" aria-expanded=\"true\" aria-controls=\"event-schedule-collapse-769586\"><div class=\"gt-inner\"><div class=\"gt-date\">21 de noviembre de 2023<\/div><div class=\"gt-time\">19:00 - 21:00<\/div><div class=\"gt-title\">Violencia, agresividad y enfermedad mental: de los t\u00f3picos a la realidad<\/div><\/div><svg xmlns=\"http:\/\/www.w3.org\/2000\/svg\" viewBox=\"0 0 24 24\" fill=\"none\" stroke=\"currentColor\" stroke-width=\"2\" stroke-linecap=\"round\" stroke-linejoin=\"round\"><polyline points=\"6 9 12 15 18 9\"><\/polyline><\/svg><\/a><\/div><div id=\"event-schedule-collapse-769586\" class=\"gt-panel-collapse collapse\" role=\"tabpanel\" aria-labelledby=\"event-schedule-heading-769586\"><div class=\"gt-panel-body\"><div class=\"gt-text\"><p><a href=\"https:\/\/www.youtube.com\/watch?v=gMGJJfSGu3c\" target=\"_blank\" rel=\"noopener\">Haz click AQU\u00cd para ver el v\u00eddeo informativo<\/a><\/p>\n<\/div><div class=\"gt-schedule-speakers\"><div class=\"gt-title\">Speakers:<\/div><div class=\"gt-list\"><ul><li><a href=\"https:\/\/colegiocriminologosmadrid.es\/RealidadCriminal\/speaker\/jose-carlos-fuertes-rocanin\/\"><div class=\"gt-image\"><img loading=\"lazy\" decoding=\"async\" width=\"85\" height=\"85\" src=\"https:\/\/colegiocriminologosmadrid.es\/RealidadCriminal\/wp-content\/uploads\/2023\/09\/jose_carlos_fuertes-200x200-1-85x85.webp\" class=\"attachment-eventchamp-avatar size-eventchamp-avatar\" alt=\"\" 0=\"\" srcset=\"https:\/\/colegiocriminologosmadrid.es\/RealidadCriminal\/wp-content\/uploads\/2023\/09\/jose_carlos_fuertes-200x200-1-85x85.webp 85w, https:\/\/colegiocriminologosmadrid.es\/RealidadCriminal\/wp-content\/uploads\/2023\/09\/jose_carlos_fuertes-200x200-1-150x150.webp 150w, https:\/\/colegiocriminologosmadrid.es\/RealidadCriminal\/wp-content\/uploads\/2023\/09\/jose_carlos_fuertes-200x200-1.webp 200w\" sizes=\"auto, (max-width: 85px) 100vw, 85px\"><\/div><div class=\"gt-detail\"><div class=\"gt-name\">Jos\u00e9 Carlos Fuertes Roca\u00f1in<\/div><div class=\"gt-profession\">Violencia, agresividad y enfermedad mental: de los t\u00f3picos a la realidad<\/div><\/div><\/a><\/li><\/ul><\/div><\/div><\/div><\/div><\/div><div class=\"gt-panel\"><div class=\"gt-panel-heading\" role=\"tab\" id=\"event-schedule-heading-902961\"><a role=\"button\" data-toggle=\"collapse\" data-parent=\"#event-schedule-accardion-107460\" href=\"#event-schedule-collapse-902961\" aria-expanded=\"true\" aria-controls=\"event-schedule-collapse-902961\"><div class=\"gt-inner\"><div class=\"gt-date\">25 de noviembre de 2023<\/div><div class=\"gt-time\">10:00 - 12:00<\/div><div class=\"gt-title\">Criminolog\u00eda Corporativa: metodolog\u00eda de an\u00e1lisis de  riesgos<\/div><\/div><svg xmlns=\"http:\/\/www.w3.org\/2000\/svg\" viewBox=\"0 0 24 24\" fill=\"none\" stroke=\"currentColor\" stroke-width=\"2\" stroke-linecap=\"round\" stroke-linejoin=\"round\"><polyline points=\"6 9 12 15 18 9\"><\/polyline><\/svg><\/a><\/div><div id=\"event-schedule-collapse-902961\" class=\"gt-panel-collapse collapse\" role=\"tabpanel\" aria-labelledby=\"event-schedule-heading-902961\"><div class=\"gt-panel-body\"><div class=\"gt-text\"><p>\u00a1Te invitamos a participar en nuestra ponencia sobre Criminolog\u00eda Corporativa y An\u00e1lisis de Riesgos en el Sector Privado!<\/p>\n<p>Esta ponencia est\u00e1 dise\u00f1ada en dos partes, una te\u00f3rica y otra pr\u00e1ctica, para brindarte una comprensi\u00f3n completa de estos temas vitales en el \u00e1mbito empresarial.<\/p>\n<p>En la parte te\u00f3rica, comenzaremos explorando la Criminolog\u00eda Corporativa y su aplicaci\u00f3n en el mundo empresarial. Te introduciremos a la estructura y organizaci\u00f3n de las empresas y profundizaremos en el an\u00e1lisis de riesgos, abordando su definici\u00f3n, alcance y herramientas disponibles. Discutiremos las metodolog\u00edas m\u00e1s comunes y te proporcionaremos los elementos esenciales para crear tu propio an\u00e1lisis de riesgos.<\/p>\n<p>La parte pr\u00e1ctica te permitir\u00e1 aplicar estos conocimientos en un escenario real. Utilizaremos Microsoft Excel para desarrollar un an\u00e1lisis de riesgos en un almac\u00e9n de una empresa dedicada al transporte de productos tecnol\u00f3gicos. Te proporcionaremos datos relevantes sobre la empresa, como beneficios, producci\u00f3n y rutas comerciales, y te desafiaremos a identificar y cuantificar los riesgos. Adem\u00e1s, exploraremos tres ubicaciones geogr\u00e1ficas posibles para el almac\u00e9n y te invitaremos a identificar riesgos comunes en todas ellas.<\/p>\n<p>En esta parte pr\u00e1ctica, tendr\u00e1s la oportunidad de clasificar y agrupar los riesgos en categor\u00edas tem\u00e1ticas, establecer escenarios de riesgo m\u00e1ximo y m\u00ednimo, y evaluar los riesgos asociados a cada ubicaci\u00f3n. Si no completas el an\u00e1lisis durante la sesi\u00f3n, tendr\u00e1s la opci\u00f3n de finalizarlo de forma individual y enviarlo al profesor para recibir retroalimentaci\u00f3n adicional.<\/p>\n<p>No te pierdas esta oportunidad \u00fanica para aplicar los conceptos te\u00f3ricos en un entorno empresarial real. \u00a1Esperamos contar contigo en nuestra ponencia!<\/p>\n<\/div><div class=\"gt-schedule-speakers\"><div class=\"gt-title\">Speakers:<\/div><div class=\"gt-list\"><ul><li><a href=\"https:\/\/colegiocriminologosmadrid.es\/RealidadCriminal\/speaker\/begona-romero\/\"><div class=\"gt-image\"><img loading=\"lazy\" decoding=\"async\" width=\"85\" height=\"85\" src=\"https:\/\/colegiocriminologosmadrid.es\/RealidadCriminal\/wp-content\/uploads\/2023\/10\/begonaromero-85x85.jpeg\" class=\"attachment-eventchamp-avatar size-eventchamp-avatar\" alt=\"\" srcset=\"https:\/\/colegiocriminologosmadrid.es\/RealidadCriminal\/wp-content\/uploads\/2023\/10\/begonaromero-85x85.jpeg 85w, https:\/\/colegiocriminologosmadrid.es\/RealidadCriminal\/wp-content\/uploads\/2023\/10\/begonaromero-300x300.jpeg 300w, https:\/\/colegiocriminologosmadrid.es\/RealidadCriminal\/wp-content\/uploads\/2023\/10\/begonaromero-150x150.jpeg 150w, https:\/\/colegiocriminologosmadrid.es\/RealidadCriminal\/wp-content\/uploads\/2023\/10\/begonaromero-768x768.jpeg 768w, https:\/\/colegiocriminologosmadrid.es\/RealidadCriminal\/wp-content\/uploads\/2023\/10\/begonaromero-350x350.jpeg 350w, https:\/\/colegiocriminologosmadrid.es\/RealidadCriminal\/wp-content\/uploads\/2023\/10\/begonaromero-650x650.jpeg 650w, https:\/\/colegiocriminologosmadrid.es\/RealidadCriminal\/wp-content\/uploads\/2023\/10\/begonaromero.jpeg 800w\" sizes=\"auto, (max-width: 85px) 100vw, 85px\"><\/div><div class=\"gt-detail\"><div class=\"gt-name\">Bego\u00f1a de Madrid<\/div><div class=\"gt-profession\">Criminolog\u00eda Corporativa: metodolog\u00eda de an\u00e1lisis de  riesgos<\/div><\/div><\/a><\/li><\/ul><\/div><\/div><\/div><\/div><\/div><div class=\"gt-panel\"><div class=\"gt-panel-heading\" role=\"tab\" id=\"event-schedule-heading-137488\"><a role=\"button\" data-toggle=\"collapse\" data-parent=\"#event-schedule-accardion-107460\" href=\"#event-schedule-collapse-137488\" aria-expanded=\"true\" aria-controls=\"event-schedule-collapse-137488\"><div class=\"gt-inner\"><div class=\"gt-date\">28 de noviembre de 2023<\/div><div class=\"gt-time\">19:00 - 21:00<\/div><div class=\"gt-title\">An\u00e1lisis criminol\u00f3gico de los eventos de p\u00fablica  concurrencia: el caso Madrid Arena.<\/div><\/div><svg xmlns=\"http:\/\/www.w3.org\/2000\/svg\" viewBox=\"0 0 24 24\" fill=\"none\" stroke=\"currentColor\" stroke-width=\"2\" stroke-linecap=\"round\" stroke-linejoin=\"round\"><polyline points=\"6 9 12 15 18 9\"><\/polyline><\/svg><\/a><\/div><div id=\"event-schedule-collapse-137488\" class=\"gt-panel-collapse collapse\" role=\"tabpanel\" aria-labelledby=\"event-schedule-heading-137488\"><div class=\"gt-panel-body\"><div class=\"gt-text\"><p>\u00a1\u00danete a nuestra emocionante actividad en la que exploraremos los eventos de p\u00fablica concurrencia y su marco jur\u00eddico!<\/p>\n<p>En esta actividad, nuestro enfoque estar\u00e1 en el an\u00e1lisis detallado del cumplimiento del marco jur\u00eddico y la responsabilidad penal de los diversos actores involucrados en eventos de gran afluencia p\u00fablica. Para lograrlo, sumergiremos nuestros conocimientos en un caso pr\u00e1ctico con sentencia firme: el caso Madrid Arena.<\/p>\n<p>Durante esta actividad, desentra\u00f1aremos las complejidades legales y las implicaciones penales que rodean este caso en particular. Aprenderemos de las lecciones extra\u00eddas de este evento de gran concurrencia y c\u00f3mo se aplicaron las leyes y regulaciones pertinentes.<\/p>\n<p>\u00a1No te pierdas esta oportunidad de profundizar tu comprensi\u00f3n sobre eventos de gran concurrencia y su marco legal!<\/p>\n<\/div><div class=\"gt-schedule-speakers\"><div class=\"gt-title\">Speakers:<\/div><div class=\"gt-list\"><ul><li><a href=\"https:\/\/colegiocriminologosmadrid.es\/RealidadCriminal\/speaker\/jose-julian-isturitz\/\"><div class=\"gt-image\"><img loading=\"lazy\" decoding=\"async\" width=\"85\" height=\"85\" src=\"https:\/\/colegiocriminologosmadrid.es\/RealidadCriminal\/wp-content\/uploads\/2023\/09\/jose_julian-200x200-1-85x85.webp\" class=\"attachment-eventchamp-avatar size-eventchamp-avatar\" alt=\"\" 0=\"\" srcset=\"https:\/\/colegiocriminologosmadrid.es\/RealidadCriminal\/wp-content\/uploads\/2023\/09\/jose_julian-200x200-1-85x85.webp 85w, https:\/\/colegiocriminologosmadrid.es\/RealidadCriminal\/wp-content\/uploads\/2023\/09\/jose_julian-200x200-1-150x150.webp 150w, https:\/\/colegiocriminologosmadrid.es\/RealidadCriminal\/wp-content\/uploads\/2023\/09\/jose_julian-200x200-1.webp 200w\" sizes=\"auto, (max-width: 85px) 100vw, 85px\"><\/div><div class=\"gt-detail\"><div class=\"gt-name\">Jos\u00e9 Juli\u00e1n Isturitz<\/div><div class=\"gt-profession\">An\u00e1lisis criminol\u00f3gico de los eventos de p\u00fablica  concurrencia: el caso Madrid Arena.<\/div><\/div><\/a><\/li><\/ul><\/div><\/div><\/div><\/div><\/div><div class=\"gt-panel\"><div class=\"gt-panel-heading\" role=\"tab\" id=\"event-schedule-heading-104174\"><a role=\"button\" data-toggle=\"collapse\" data-parent=\"#event-schedule-accardion-107460\" href=\"#event-schedule-collapse-104174\" aria-expanded=\"true\" aria-controls=\"event-schedule-collapse-104174\"><div class=\"gt-inner\"><div class=\"gt-date\">2 de diciembre de 2023<\/div><div class=\"gt-time\">10:00 - 12:00<\/div><div class=\"gt-title\">Ciberinteligencia: detecci\u00f3n y an\u00e1lisis de ciberamenazas<\/div><\/div><svg xmlns=\"http:\/\/www.w3.org\/2000\/svg\" viewBox=\"0 0 24 24\" fill=\"none\" stroke=\"currentColor\" stroke-width=\"2\" stroke-linecap=\"round\" stroke-linejoin=\"round\"><polyline points=\"6 9 12 15 18 9\"><\/polyline><\/svg><\/a><\/div><div id=\"event-schedule-collapse-104174\" class=\"gt-panel-collapse collapse\" role=\"tabpanel\" aria-labelledby=\"event-schedule-heading-104174\"><div class=\"gt-panel-body\"><div class=\"gt-text\"><p>\u00a1No te pierdas nuestra emocionante ponencia sobre \"Ciberinteligencia: Detecci\u00f3n y An\u00e1lisis de Ciberamenazas\"!<\/p>\n<p>En esta ponencia, te sumergir\u00e1s en el fascinante mundo de la criminolog\u00eda aplicada a la detecci\u00f3n de ciberamenazas. Nuestro objetivo es proporcionarte una comprensi\u00f3n pr\u00e1ctica y s\u00f3lida para que puedas identificar, evaluar y responder eficazmente ante las amenazas cibern\u00e9ticas emergentes, centr\u00e1ndonos especialmente en la detecci\u00f3n proactiva.<\/p>\n<p>A lo largo de la ponencia, exploraremos una amplia gama de temas, desde la identificaci\u00f3n y an\u00e1lisis de phishing, abusos de marca y fugas de informaci\u00f3n, hasta la evaluaci\u00f3n de actores de amenazas y grupos de ransomware. Te sumergir\u00e1s en un viaje completo y pr\u00e1ctico dentro del campo de la Ciberinteligencia.<\/p>\n<p>Esta ponencia te brindar\u00e1 las herramientas necesarias para afrontar los desaf\u00edos cada vez m\u00e1s complejos del ciberespacio. \u00a1No dejes pasar esta oportunidad para desarrollar tus habilidades en la detecci\u00f3n y an\u00e1lisis de ciberamenazas!<\/p>\n<\/div><div class=\"gt-schedule-speakers\"><div class=\"gt-title\">Speakers:<\/div><div class=\"gt-list\"><ul><li><a href=\"https:\/\/colegiocriminologosmadrid.es\/RealidadCriminal\/speaker\/susana-alwasity\/\"><div class=\"gt-image\"><img loading=\"lazy\" decoding=\"async\" width=\"85\" height=\"85\" src=\"https:\/\/colegiocriminologosmadrid.es\/RealidadCriminal\/wp-content\/uploads\/2023\/10\/susana_alwasity-200x200-1-85x85.jpg\" class=\"attachment-eventchamp-avatar size-eventchamp-avatar\" alt=\"\" srcset=\"https:\/\/colegiocriminologosmadrid.es\/RealidadCriminal\/wp-content\/uploads\/2023\/10\/susana_alwasity-200x200-1-85x85.jpg 85w, https:\/\/colegiocriminologosmadrid.es\/RealidadCriminal\/wp-content\/uploads\/2023\/10\/susana_alwasity-200x200-1-150x150.jpg 150w, https:\/\/colegiocriminologosmadrid.es\/RealidadCriminal\/wp-content\/uploads\/2023\/10\/susana_alwasity-200x200-1.jpg 200w\" sizes=\"auto, (max-width: 85px) 100vw, 85px\"><\/div><div class=\"gt-detail\"><div class=\"gt-name\">Susana Alwasity<\/div><div class=\"gt-profession\">Ciberinteligencia: detecci\u00f3n y an\u00e1lisis de ciberamenazas<\/div><\/div><\/a><\/li><\/ul><\/div><\/div><\/div><\/div><\/div><div class=\"gt-panel\"><div class=\"gt-panel-heading\" role=\"tab\" id=\"event-schedule-heading-320036\"><a role=\"button\" data-toggle=\"collapse\" data-parent=\"#event-schedule-accardion-107460\" href=\"#event-schedule-collapse-320036\" aria-expanded=\"true\" aria-controls=\"event-schedule-collapse-320036\"><div class=\"gt-inner\"><div class=\"gt-date\">13 de diciembre de 2023<\/div><div class=\"gt-time\">19:00 - 21:00<\/div><div class=\"gt-title\">El papel del OSINT como herramienta en los estudios criminol\u00f3gicos: obtenci\u00f3n de inteligencia a trav\u00e9s de fuentes abiertas<\/div><\/div><svg xmlns=\"http:\/\/www.w3.org\/2000\/svg\" viewBox=\"0 0 24 24\" fill=\"none\" stroke=\"currentColor\" stroke-width=\"2\" stroke-linecap=\"round\" stroke-linejoin=\"round\"><polyline points=\"6 9 12 15 18 9\"><\/polyline><\/svg><\/a><\/div><div id=\"event-schedule-collapse-320036\" class=\"gt-panel-collapse collapse\" role=\"tabpanel\" aria-labelledby=\"event-schedule-heading-320036\"><div class=\"gt-panel-body\"><div class=\"gt-text\"><p>En el emocionante mundo de la criminolog\u00eda, el OSINT (Open Source Intelligence) se erige como una herramienta esencial para desentra\u00f1ar misterios y resolver cr\u00edmenes. Imagine la capacidad de recopilar informaci\u00f3n relevante sobre delitos, delincuentes y v\u00edctimas desde fuentes p\u00fablicas en l\u00ednea como redes sociales, foros y sitios web de noticias. \u00a1Bienvenido a un viaje de descubrimiento que transforma la forma en que abordamos la criminalidad!<\/p>\n<p>En esta ponencia, exploraremos c\u00f3mo el OSINT se convierte en el aliado inquebrantable de los profesionales de la criminolog\u00eda. Descubrir\u00e1 c\u00f3mo esta t\u00e9cnica puede ayudar a identificar patrones delictivos, desvelar a los sospechosos ocultos y proteger a las potenciales v\u00edctimas. Pero eso no es todo; el OSINT tambi\u00e9n se adentra en el terreno de la prevenci\u00f3n del delito y la evaluaci\u00f3n de riesgos.<\/p>\n<p>\u00bfEst\u00e1 listo para sumergirse en el emocionante mundo del OSINT y elevar su comprensi\u00f3n de la criminolog\u00eda? <\/p>\n<\/div><div class=\"gt-schedule-speakers\"><div class=\"gt-title\">Speakers:<\/div><div class=\"gt-list\"><ul><li><a href=\"https:\/\/colegiocriminologosmadrid.es\/RealidadCriminal\/speaker\/patricia-martin-garcia\/\"><div class=\"gt-image\"><img loading=\"lazy\" decoding=\"async\" width=\"85\" height=\"85\" src=\"https:\/\/colegiocriminologosmadrid.es\/RealidadCriminal\/wp-content\/uploads\/2023\/09\/FOTO-PMG-85x85.jpg\" class=\"attachment-eventchamp-avatar size-eventchamp-avatar\" alt=\"\" 0=\"\" srcset=\"https:\/\/colegiocriminologosmadrid.es\/RealidadCriminal\/wp-content\/uploads\/2023\/09\/FOTO-PMG-85x85.jpg 85w, https:\/\/colegiocriminologosmadrid.es\/RealidadCriminal\/wp-content\/uploads\/2023\/09\/FOTO-PMG-150x150.jpg 150w, https:\/\/colegiocriminologosmadrid.es\/RealidadCriminal\/wp-content\/uploads\/2023\/09\/FOTO-PMG-326x330.jpg 326w\" sizes=\"auto, (max-width: 85px) 100vw, 85px\"><\/div><div class=\"gt-detail\"><div class=\"gt-name\">Patricia Mart\u00edn Garc\u00eda<\/div><div class=\"gt-profession\">El papel del OSINT como herramienta en los estudios criminol\u00f3gicos: obtenci\u00f3n de inteligencia a trav\u00e9s de fuentes abiertas<\/div><\/div><\/a><\/li><\/ul><\/div><\/div><\/div><\/div><\/div><div class=\"gt-panel\"><div class=\"gt-panel-heading\" role=\"tab\" id=\"event-schedule-heading-571621\"><a role=\"button\" data-toggle=\"collapse\" data-parent=\"#event-schedule-accardion-107460\" href=\"#event-schedule-collapse-571621\" aria-expanded=\"true\" aria-controls=\"event-schedule-collapse-571621\"><div class=\"gt-inner\"><div class=\"gt-date\">16 de diciembre de 2023<\/div><div class=\"gt-time\">17:00 - 19:00<\/div><div class=\"gt-title\">Intervenci\u00f3n Criminal\u00edstica en casos de Feminicidio y trans feminicidio<\/div><\/div><svg xmlns=\"http:\/\/www.w3.org\/2000\/svg\" viewBox=\"0 0 24 24\" fill=\"none\" stroke=\"currentColor\" stroke-width=\"2\" stroke-linecap=\"round\" stroke-linejoin=\"round\"><polyline points=\"6 9 12 15 18 9\"><\/polyline><\/svg><\/a><\/div><div id=\"event-schedule-collapse-571621\" class=\"gt-panel-collapse collapse\" role=\"tabpanel\" aria-labelledby=\"event-schedule-heading-571621\"><div class=\"gt-panel-body\"><div class=\"gt-text\"><p>\u00a1No te pierdas nuestra fascinante sesi\u00f3n sobre \"Intervenci\u00f3n Criminal\u00edstica en casos de Feminicidio y Transfeminicidio\"!<\/p>\n<p>En esta sesi\u00f3n, te sumergir\u00e1s en el mundo de la criminal\u00edstica y aprender\u00e1s c\u00f3mo se llevan a cabo las investigaciones en el lugar de intervenci\u00f3n, tambi\u00e9n conocido como la escena del crimen, en casos sensibles como el feminicidio y el transfeminicidio.<\/p>\n<p>Exploraremos en detalle el proceso de las primeras investigaciones en estas escenas, centr\u00e1ndonos en la interpretaci\u00f3n de los indicios clave. Aprender\u00e1s c\u00f3mo los expertos criminal\u00edsticos abordan estas situaciones delicadas, recopilan pruebas y analizan los indicios para obtener una comprensi\u00f3n m\u00e1s profunda de estos casos.<\/p>\n<p>No te pierdas esta oportunidad de adquirir conocimientos valiosos en el campo de la criminal\u00edstica y su aplicaci\u00f3n en casos de feminicidio y transfeminicidio. \u00a1Esperamos contar contigo en nuestra sesi\u00f3n!<\/p>\n<\/div><div class=\"gt-schedule-speakers\"><div class=\"gt-title\">Speakers:<\/div><div class=\"gt-list\"><ul><li><a href=\"https:\/\/colegiocriminologosmadrid.es\/RealidadCriminal\/speaker\/martin-balderrama\/\"><div class=\"gt-image\"><img loading=\"lazy\" decoding=\"async\" width=\"85\" height=\"85\" src=\"https:\/\/colegiocriminologosmadrid.es\/RealidadCriminal\/wp-content\/uploads\/2023\/09\/balderrama-200x200-1-85x85.webp\" class=\"attachment-eventchamp-avatar size-eventchamp-avatar\" alt=\"\" 0=\"\" srcset=\"https:\/\/colegiocriminologosmadrid.es\/RealidadCriminal\/wp-content\/uploads\/2023\/09\/balderrama-200x200-1-85x85.webp 85w, https:\/\/colegiocriminologosmadrid.es\/RealidadCriminal\/wp-content\/uploads\/2023\/09\/balderrama-200x200-1-150x150.webp 150w, https:\/\/colegiocriminologosmadrid.es\/RealidadCriminal\/wp-content\/uploads\/2023\/09\/balderrama-200x200-1.webp 200w\" sizes=\"auto, (max-width: 85px) 100vw, 85px\"><\/div><div class=\"gt-detail\"><div class=\"gt-name\">Mart\u00edn Balderrama<\/div><div class=\"gt-profession\">Intervenci\u00f3n Criminal\u00edstica en casos de Feminicidio y trans feminicidio<\/div><\/div><\/a><\/li><\/ul><\/div><\/div><\/div><\/div><\/div><div class=\"gt-panel\"><div class=\"gt-panel-heading\" role=\"tab\" id=\"event-schedule-heading-967564\"><a role=\"button\" data-toggle=\"collapse\" data-parent=\"#event-schedule-accardion-107460\" href=\"#event-schedule-collapse-967564\" aria-expanded=\"true\" aria-controls=\"event-schedule-collapse-967564\"><div class=\"gt-inner\"><div class=\"gt-date\">19 de diciembre de 2023<\/div><div class=\"gt-time\">19:00 - 21:00<\/div><div class=\"gt-title\">Delitos y deporte: dopaje y corrupci\u00f3n (compra de partidos)<\/div><\/div><svg xmlns=\"http:\/\/www.w3.org\/2000\/svg\" viewBox=\"0 0 24 24\" fill=\"none\" stroke=\"currentColor\" stroke-width=\"2\" stroke-linecap=\"round\" stroke-linejoin=\"round\"><polyline points=\"6 9 12 15 18 9\"><\/polyline><\/svg><\/a><\/div><div id=\"event-schedule-collapse-967564\" class=\"gt-panel-collapse collapse\" role=\"tabpanel\" aria-labelledby=\"event-schedule-heading-967564\"><div class=\"gt-panel-body\"><div class=\"gt-text\"><p>\u00a1\u00danete a nuestro apasionante repaso hist\u00f3rico sobre la evoluci\u00f3n de las actividades deportivas criminalizadas y su situaci\u00f3n actual, junto con la pol\u00edtica criminal desde perspectivas tanto p\u00fablicas como privadas!<\/p>\n<p>En esta sesi\u00f3n, exploraremos c\u00f3mo a lo largo de la historia, ciertas actividades deportivas han sido objeto de criminalizaci\u00f3n y c\u00f3mo ha evolucionado esta situaci\u00f3n hasta nuestros d\u00edas. Analizaremos la pol\u00edtica criminal tanto desde el \u00e1mbito p\u00fablico como privado, destacando las decisiones y medidas tomadas para abordar conductas criminales espec\u00edficas en el \u00e1mbito deportivo.<\/p>\n<p>Adem\u00e1s, profundizaremos en la estructura org\u00e1nica internacional relacionada con estas cuestiones, y examinaremos los m\u00e9todos de detecci\u00f3n, prevenci\u00f3n y sanci\u00f3n de conductas criminales particulares en el mundo del deporte.<\/p>\n<p>No te pierdas esta oportunidad \u00fanica de explorar el fascinante mundo de la relaci\u00f3n entre el deporte y la criminalizaci\u00f3n, y comprender c\u00f3mo se abordan estas cuestiones a nivel nacional e internacional. \u00a1Esperamos contar contigo en nuestra sesi\u00f3n!<\/p>\n<\/div><div class=\"gt-schedule-speakers\"><div class=\"gt-title\">Speakers:<\/div><div class=\"gt-list\"><ul><li><a href=\"https:\/\/colegiocriminologosmadrid.es\/RealidadCriminal\/speaker\/juan-carlos-soto-del-castillo\/\"><div class=\"gt-image\"><img loading=\"lazy\" decoding=\"async\" width=\"85\" height=\"85\" src=\"https:\/\/colegiocriminologosmadrid.es\/RealidadCriminal\/wp-content\/uploads\/2023\/09\/JuanCarlosSoto-200x200-1-85x85.webp\" class=\"attachment-eventchamp-avatar size-eventchamp-avatar\" alt=\"\" 0=\"\" srcset=\"https:\/\/colegiocriminologosmadrid.es\/RealidadCriminal\/wp-content\/uploads\/2023\/09\/JuanCarlosSoto-200x200-1-85x85.webp 85w, https:\/\/colegiocriminologosmadrid.es\/RealidadCriminal\/wp-content\/uploads\/2023\/09\/JuanCarlosSoto-200x200-1-150x150.webp 150w, https:\/\/colegiocriminologosmadrid.es\/RealidadCriminal\/wp-content\/uploads\/2023\/09\/JuanCarlosSoto-200x200-1.webp 200w\" sizes=\"auto, (max-width: 85px) 100vw, 85px\"><\/div><div class=\"gt-detail\"><div class=\"gt-name\">Juan Carlos Soto del Castillo<\/div><div class=\"gt-profession\">Delitos y deporte: dopaje y corrupci\u00f3n (compra de partidos)<\/div><\/div><\/a><\/li><\/ul><\/div><\/div><\/div><\/div><\/div><div class=\"gt-panel\"><div class=\"gt-panel-heading\" role=\"tab\" id=\"event-schedule-heading-69122\"><a role=\"button\" data-toggle=\"collapse\" data-parent=\"#event-schedule-accardion-107460\" href=\"#event-schedule-collapse-69122\" aria-expanded=\"true\" aria-controls=\"event-schedule-collapse-69122\"><div class=\"gt-inner\"><div class=\"gt-date\">10 de enero de 2024<\/div><div class=\"gt-time\">19:00 - 21:00<\/div><div class=\"gt-title\">Cr\u00edmenes y criminales medi\u00e1ticos<\/div><\/div><svg xmlns=\"http:\/\/www.w3.org\/2000\/svg\" viewBox=\"0 0 24 24\" fill=\"none\" stroke=\"currentColor\" stroke-width=\"2\" stroke-linecap=\"round\" stroke-linejoin=\"round\"><polyline points=\"6 9 12 15 18 9\"><\/polyline><\/svg><\/a><\/div><div id=\"event-schedule-collapse-69122\" class=\"gt-panel-collapse collapse\" role=\"tabpanel\" aria-labelledby=\"event-schedule-heading-69122\"><div class=\"gt-panel-body\"><div class=\"gt-text\"><p>Una exposici\u00f3n de las causas por las que ciertos asesinatos y sus protagonistas adquieren gran eco, haci\u00e9ndose muy populares y permaneciendo en la mente del pueblo incluso durante generaciones. Un repaso a los m\u00e1s impactantes que ha recogido la cr\u00f3nica negra de nuestro pa\u00eds durante los dos \u00faltimos siglos, con especial incidencia en los de tiempos recientes tras la profusi\u00f3n de medios informativos. Y como estos los manejan, en ocasiones, de modo sensacionalista por intereses econ\u00f3micos, pol\u00edticos y dem\u00e1s.  <\/p>\n<\/div><div class=\"gt-schedule-speakers\"><div class=\"gt-title\">Speakers:<\/div><div class=\"gt-list\"><ul><li><a href=\"https:\/\/colegiocriminologosmadrid.es\/RealidadCriminal\/speaker\/juan-rada-cpcm\/\"><div class=\"gt-image\"><img loading=\"lazy\" decoding=\"async\" width=\"85\" height=\"85\" src=\"https:\/\/colegiocriminologosmadrid.es\/RealidadCriminal\/wp-content\/uploads\/2023\/09\/juan_rada-200x200-1-85x85.webp\" class=\"attachment-eventchamp-avatar size-eventchamp-avatar\" alt=\"\" 0=\"\" srcset=\"https:\/\/colegiocriminologosmadrid.es\/RealidadCriminal\/wp-content\/uploads\/2023\/09\/juan_rada-200x200-1-85x85.webp 85w, https:\/\/colegiocriminologosmadrid.es\/RealidadCriminal\/wp-content\/uploads\/2023\/09\/juan_rada-200x200-1-150x150.webp 150w, https:\/\/colegiocriminologosmadrid.es\/RealidadCriminal\/wp-content\/uploads\/2023\/09\/juan_rada-200x200-1.webp 200w\" sizes=\"auto, (max-width: 85px) 100vw, 85px\"><\/div><div class=\"gt-detail\"><div class=\"gt-name\">Juan Rada<\/div><div class=\"gt-profession\">Cr\u00edmenes y criminales medi\u00e1ticos<\/div><\/div><\/a><\/li><\/ul><\/div><\/div><\/div><\/div><\/div><div class=\"gt-panel\"><div class=\"gt-panel-heading\" role=\"tab\" id=\"event-schedule-heading-7531\"><a role=\"button\" data-toggle=\"collapse\" data-parent=\"#event-schedule-accardion-107460\" href=\"#event-schedule-collapse-7531\" aria-expanded=\"true\" aria-controls=\"event-schedule-collapse-7531\"><div class=\"gt-inner\"><div class=\"gt-date\">13 de enero de 2024<\/div><div class=\"gt-time\">10:00 - 12:00<\/div><div class=\"gt-title\">El mal desde la cr\u00f3nica de sucesos<\/div><\/div><svg xmlns=\"http:\/\/www.w3.org\/2000\/svg\" viewBox=\"0 0 24 24\" fill=\"none\" stroke=\"currentColor\" stroke-width=\"2\" stroke-linecap=\"round\" stroke-linejoin=\"round\"><polyline points=\"6 9 12 15 18 9\"><\/polyline><\/svg><\/a><\/div><div id=\"event-schedule-collapse-7531\" class=\"gt-panel-collapse collapse\" role=\"tabpanel\" aria-labelledby=\"event-schedule-heading-7531\"><div class=\"gt-panel-body\"><div class=\"gt-text\"><p>Se intenta que no hablemos en t\u00e9rminos absolutos, de malos y buenos. Nos dicen que nadie es totalmente malo, ni totalmente bueno. Y es verdad que todos tenemos nuestro lado oscuro. La idea es que si todos somos iguales, personas con nuestros defectos y virtudes, todos podemos llegar a delinquir. Y, por lo tanto, todos tenemos derecho a la reinserci\u00f3n. Pero nos hurtan una verdad: el malvado absoluto, existe. Y es ese que se concentra en s\u00ed mismo, que busca su propio placer, su propia satisfacci\u00f3n, y al que los dem\u00e1s le dan lo mismo. Lo vemos cada d\u00eda en los medios de comunicaci\u00f3n. A trav\u00e9s de la experiencia de un periodista especializado, repasaremos algunos ejemplos.<\/p>\n<\/div><div class=\"gt-schedule-speakers\"><div class=\"gt-title\">Speakers:<\/div><div class=\"gt-list\"><ul><li><a href=\"https:\/\/colegiocriminologosmadrid.es\/RealidadCriminal\/speaker\/francisco-perez-caballero-cpcm\/\"><div class=\"gt-image\"><img loading=\"lazy\" decoding=\"async\" width=\"85\" height=\"85\" src=\"https:\/\/colegiocriminologosmadrid.es\/RealidadCriminal\/wp-content\/uploads\/2023\/09\/francisco_perez_caballero-200x200-1-85x85.webp\" class=\"attachment-eventchamp-avatar size-eventchamp-avatar\" alt=\"\" 0=\"\" srcset=\"https:\/\/colegiocriminologosmadrid.es\/RealidadCriminal\/wp-content\/uploads\/2023\/09\/francisco_perez_caballero-200x200-1-85x85.webp 85w, https:\/\/colegiocriminologosmadrid.es\/RealidadCriminal\/wp-content\/uploads\/2023\/09\/francisco_perez_caballero-200x200-1-150x150.webp 150w, https:\/\/colegiocriminologosmadrid.es\/RealidadCriminal\/wp-content\/uploads\/2023\/09\/francisco_perez_caballero-200x200-1.webp 200w\" sizes=\"auto, (max-width: 85px) 100vw, 85px\"><\/div><div class=\"gt-detail\"><div class=\"gt-name\">Francisco P\u00e9rez Caballero<\/div><div class=\"gt-profession\">El mal desde la cr\u00f3nica de sucesos<\/div><\/div><\/a><\/li><\/ul><\/div><\/div><\/div><\/div><\/div><div class=\"gt-panel\"><div class=\"gt-panel-heading\" role=\"tab\" id=\"event-schedule-heading-425521\"><a role=\"button\" data-toggle=\"collapse\" data-parent=\"#event-schedule-accardion-107460\" href=\"#event-schedule-collapse-425521\" aria-expanded=\"true\" aria-controls=\"event-schedule-collapse-425521\"><div class=\"gt-inner\"><div class=\"gt-date\">16 de enero de 2024<\/div><div class=\"gt-time\">19:00 - 21:00<\/div><div class=\"gt-title\">Cuestiones conflictivas entorno a los delitos contra la libertad e indemnidad sexuales tras las diversas reformas del C\u00f3digo Penal.<\/div><\/div><svg xmlns=\"http:\/\/www.w3.org\/2000\/svg\" viewBox=\"0 0 24 24\" fill=\"none\" stroke=\"currentColor\" stroke-width=\"2\" stroke-linecap=\"round\" stroke-linejoin=\"round\"><polyline points=\"6 9 12 15 18 9\"><\/polyline><\/svg><\/a><\/div><div id=\"event-schedule-collapse-425521\" class=\"gt-panel-collapse collapse\" role=\"tabpanel\" aria-labelledby=\"event-schedule-heading-425521\"><div class=\"gt-panel-body\"><div class=\"gt-text\"><p>En esta ponencia analizaremos el devenir de la legislaci\u00f3n penal espa\u00f1ola en referencia a los delitos contra la libertad e indemnidad sexuales. <\/p>\n<p>Se ofrecer\u00e1 un abordaje jur\u00eddico-pr\u00e1ctico, mediante el planteamiento de supuestos problem\u00e1ticos, de los aspectos m\u00e1s controvertidos de la nueva regulaci\u00f3n: problemas con relaci\u00f3n a los bienes jur\u00eddicos protegidos, l\u00edmites de la intervenci\u00f3n penal, el consentimiento y sus peculiaridades, los posibles sesgos en la valoraci\u00f3n probatoria y las divergencias de criterios que han cristalizado en sucesivas reformas, con resultados socialmente contestados, especialmente, en relaci\u00f3n a la revisi\u00f3n de sentencias por reducci\u00f3n de algunas penas en este \u00e1mbito. <\/p>\n<p>Se pretender\u00e1 enfocar la materia en relaci\u00f3n tambi\u00e9n a la configuraci\u00f3n de un \u201cnuevo derecho penal sexual\u201d, atendiendo al v\u00ednculo de los bienes protegidos con conceptos como los valores morales sexuales y su influencia en el devenir normativo. <\/p>\n<\/div><div class=\"gt-schedule-speakers\"><div class=\"gt-title\">Speakers:<\/div><div class=\"gt-list\"><ul><li><a href=\"https:\/\/colegiocriminologosmadrid.es\/RealidadCriminal\/speaker\/carlos-fuertes-iglesias\/\"><div class=\"gt-image\"><img loading=\"lazy\" decoding=\"async\" width=\"85\" height=\"85\" src=\"https:\/\/colegiocriminologosmadrid.es\/RealidadCriminal\/wp-content\/uploads\/2023\/09\/CarlosFuertes-200x200-1-85x85.webp\" class=\"attachment-eventchamp-avatar size-eventchamp-avatar\" alt=\"\" 0=\"\" srcset=\"https:\/\/colegiocriminologosmadrid.es\/RealidadCriminal\/wp-content\/uploads\/2023\/09\/CarlosFuertes-200x200-1-85x85.webp 85w, https:\/\/colegiocriminologosmadrid.es\/RealidadCriminal\/wp-content\/uploads\/2023\/09\/CarlosFuertes-200x200-1-150x150.webp 150w, https:\/\/colegiocriminologosmadrid.es\/RealidadCriminal\/wp-content\/uploads\/2023\/09\/CarlosFuertes-200x200-1.webp 200w\" sizes=\"auto, (max-width: 85px) 100vw, 85px\"><\/div><div class=\"gt-detail\"><div class=\"gt-name\">Carlos Fuertes Iglesias<\/div><div class=\"gt-profession\">Cuestiones conflictivas entorno a los delitos contra la libertad e indemnidad sexuales tras las diversas reformas del C\u00f3digo Penal.<\/div><\/div><\/a><\/li><\/ul><\/div><\/div><\/div><\/div><\/div><div class=\"gt-panel\"><div class=\"gt-panel-heading\" role=\"tab\" id=\"event-schedule-heading-13860\"><a role=\"button\" data-toggle=\"collapse\" data-parent=\"#event-schedule-accardion-107460\" href=\"#event-schedule-collapse-13860\" aria-expanded=\"true\" aria-controls=\"event-schedule-collapse-13860\"><div class=\"gt-inner\"><div class=\"gt-date\">23 de enero de 2024<\/div><div class=\"gt-time\">19:00 - 21:00h<\/div><div class=\"gt-title\">Aspectos de actualidad jur\u00eddica en materia de VdG<\/div><\/div><svg xmlns=\"http:\/\/www.w3.org\/2000\/svg\" viewBox=\"0 0 24 24\" fill=\"none\" stroke=\"currentColor\" stroke-width=\"2\" stroke-linecap=\"round\" stroke-linejoin=\"round\"><polyline points=\"6 9 12 15 18 9\"><\/polyline><\/svg><\/a><\/div><div id=\"event-schedule-collapse-13860\" class=\"gt-panel-collapse collapse\" role=\"tabpanel\" aria-labelledby=\"event-schedule-heading-13860\"><div class=\"gt-panel-body\"><div class=\"gt-text\"><p>Esta ponencia se adentra en un an\u00e1lisis exhaustivo de la Ley Org\u00e1nica 1\/2004, de 28 de diciembre, que establece medidas de protecci\u00f3n integral contra la violencia de g\u00e9nero en Espa\u00f1a. Comienza definiendo conceptualmente la violencia de g\u00e9nero y presenta los t\u00e9rminos esenciales asociados. Adem\u00e1s, explora los distintos tipos de violencia de g\u00e9nero, proporcionando una comprensi\u00f3n integral de este grave problema social.<\/p>\n<p>Se abordar\u00e1 la ra\u00edz de la violencia de g\u00e9nero al examinar las causas y condicionantes socioculturales que contribuyen a su perpetuaci\u00f3n. La ideolog\u00eda patriarcal se identifica como una justificaci\u00f3n ideol\u00f3gica hist\u00f3rica para la desigualdad de g\u00e9nero, y se examina desde diversas perspectivas filos\u00f3ficas, pol\u00edticas y culturales.<\/p>\n<p>La ponencia tambi\u00e9n se adentra en el debate sobre la constitucionalidad de la Ley Integral de Violencia de G\u00e9nero (LIVG), ofreciendo un espacio para considerar posibles cuestionamientos legales o constitucionales relacionados con esta legislaci\u00f3n.<\/p>\n<p>Finalmente, se analizan las modificaciones m\u00e1s significativas introducidas por la LIVG en t\u00e9rminos penales y procesales. Se destacan las responsabilidades civiles derivadas de los delitos asociados a la violencia de g\u00e9nero, proporcionando una visi\u00f3n completa de c\u00f3mo la ley aborda y sanciona esta problem\u00e1tica en la sociedad actual.<\/p>\n<\/div><div class=\"gt-schedule-speakers\"><div class=\"gt-title\">Speakers:<\/div><div class=\"gt-list\"><ul><li><a href=\"https:\/\/colegiocriminologosmadrid.es\/RealidadCriminal\/speaker\/ana-isabel-serrano\/\"><div class=\"gt-image\"><img loading=\"lazy\" decoding=\"async\" width=\"85\" height=\"85\" src=\"https:\/\/colegiocriminologosmadrid.es\/RealidadCriminal\/wp-content\/uploads\/2023\/09\/ana-isabel-serrano-cpcm-85x85.jpg\" class=\"attachment-eventchamp-avatar size-eventchamp-avatar\" alt=\"\" srcset=\"https:\/\/colegiocriminologosmadrid.es\/RealidadCriminal\/wp-content\/uploads\/2023\/09\/ana-isabel-serrano-cpcm-85x85.jpg 85w, https:\/\/colegiocriminologosmadrid.es\/RealidadCriminal\/wp-content\/uploads\/2023\/09\/ana-isabel-serrano-cpcm-300x300.jpg 300w, https:\/\/colegiocriminologosmadrid.es\/RealidadCriminal\/wp-content\/uploads\/2023\/09\/ana-isabel-serrano-cpcm-150x150.jpg 150w, https:\/\/colegiocriminologosmadrid.es\/RealidadCriminal\/wp-content\/uploads\/2023\/09\/ana-isabel-serrano-cpcm.jpg 350w\" sizes=\"auto, (max-width: 85px) 100vw, 85px\"><\/div><div class=\"gt-detail\"><div class=\"gt-name\">Ana Isabel Serrano<\/div><div class=\"gt-profession\">Aspectos de actualidad jur\u00eddica en materia de VdG<\/div><\/div><\/a><\/li><\/ul><\/div><\/div><\/div><\/div><\/div><\/div><\/div><\/div><\/div><\/div><\/div>[\/vc_column][\/vc_row][vc_row el_id=\u00bbTickets\u00bb][vc_column][vc_empty_space height=\u00bb75px\u00bb]<div class=\"gt-heading gt-dark gt-size1 gt-align-center\"><div class=\"gt-title\">Reserva tu <span>Plaza<\/span><\/div><\/div>[vc_row_inner equal_height=\u00bbyes\u00bb gap=\u00bb5&#8243;][vc_column_inner width=\u00bb1\/3&#8243;][vc_pricing_table heading=\u00bbAsistencia General\u00bb subheading=\u00bbPlazas limitadas\u00bb currency=\u00bb\u20ac\u00bb price=\u00bb110&#8243; period=\u00bb\u00bb markers_color=\u00bb#5188f1&#8243; btn_title=\u00bbAdquirir\u00bb css_animation=\u00bbfadeIn\u00bb btn_link=\u00bburl:https%3A%2F%2Fcolegiocriminologosmadrid.es%2FRealidadCriminal%2Finscripcion%2F\u00bb]<\/p>\n<ul class=\"wpb-plan-features\">\n<li>20 horas de formaci\u00f3n (10 clases de 2 horas).<\/li>\n<li>Posibilidad de solicitar acreditaci\u00f3n de asistencia (20\u20ac).<\/li>\n<li>Acceso en directo y en diferido (grabaciones disponibles 30 d\u00edas).<\/li>\n<\/ul>\n<p>[\/vc_pricing_table][\/vc_column_inner][vc_column_inner width=\u00bb1\/3&#8243;][vc_pricing_table heading=\u00bbColegiados y Precolegiados\u00bb subheading=\u00bbCPCM\u00bb currency=\u00bb\u20ac\u00bb price=\u00bb50&#8243; period=\u00bb\u00bb markers_color=\u00bb#5188f1&#8243; btn_title=\u00bbAdquirir\u00bb css_animation=\u00bbfadeIn\u00bb btn_link=\u00bburl:https%3A%2F%2Fcolegiocriminologosmadrid.es%2FRealidadCriminal%2Finscripcion%2F\u00bb]<\/p>\n<ul class=\"wpb-plan-features\">\n<li>20 horas de formaci\u00f3n (10 clases de 2 horas).<\/li>\n<li>Posibilidad de solicitar acreditaci\u00f3n de asistencia (20\u20ac).<\/li>\n<li>Acceso en directo y en diferido (grabaciones disponibles 30 d\u00edas).<\/li>\n<\/ul>\n<p>[\/vc_pricing_table][\/vc_column_inner][vc_column_inner width=\u00bb1\/3&#8243;][vc_pricing_table heading=\u00bbEstudiantes\u00bb subheading=\u00bbSe requiere acreditaci\u00f3n (matr\u00edcula universitaria)\u00bb currency=\u00bb\u20ac\u00bb price=\u00bb75&#8243; period=\u00bb\u00bb markers_color=\u00bb#5188f1&#8243; btn_title=\u00bbAdquirir\u00bb css_animation=\u00bbfadeIn\u00bb btn_link=\u00bburl:https%3A%2F%2Fcolegiocriminologosmadrid.es%2FRealidadCriminal%2Finscripcion%2F\u00bb]<\/p>\n<ul class=\"wpb-plan-features\">\n<li>20 horas de formaci\u00f3n (10 clases de 2 horas).<\/li>\n<li>Posibilidad de solicitar acreditaci\u00f3n de asistencia (20\u20ac).<\/li>\n<li>Acceso en directo y en diferido (grabaciones disponibles 30 d\u00edas).<\/li>\n<\/ul>\n<p>[\/vc_pricing_table][\/vc_column_inner][\/vc_row_inner][\/vc_column][\/vc_row][vc_row][vc_column][vc_message css=\u00bb.vc_custom_1697278490822{margin-top: 3% !important;}\u00bb]Los Colegiados, Precolegiados, Estudiantes Universitarios, e interesados que formen parte de Convenios con CPCM podr\u00e1n disfrutar de los descuentos arriba mostrados enviando la documentaci\u00f3n acreditativa correspondiente.[\/vc_message][\/vc_column][\/vc_row][vc_row full_width=\u00bbstretch_row\u00bb content_placement=\u00bbmiddle\u00bb background-position=\u00bbcenter-center\u00bb background-attachment=\u00bbfixed\u00bb css=\u00bb.vc_custom_1696355040521{padding-top: 5% !important;padding-bottom: 5% !important;background: #121219 url(https:\/\/colegiocriminologosmadrid.es\/RealidadCriminal\/wp-content\/uploads\/2023\/10\/bg1.jpg?id=3877) !important;background-position: center !important;background-repeat: no-repeat !important;background-size: cover !important;}\u00bb][vc_column][vc_column_text]<\/p>\n<h2 style=\"text-align: center; margin: 0px; font-size: 180%;\"><span style=\"color: #ffffff;\"><b>\u00danete a nuestro <\/b><\/span>\u00a0<span style=\"color: #ffbb00;\"><b>curso online<\/b><\/span><span style=\"color: #ffffff;\"> y sum\u00e9rgete en un oc\u00e9ano de conocimiento para comprender mejor la compleja <\/span><span style=\"color: #ffbb00;\"><strong>realidad criminal.<\/strong><\/span><\/h2>\n<p>[\/vc_column_text][\/vc_column][\/vc_row][vc_row el_id=\u00bbSponsors\u00bb][vc_column][vc_empty_space height=\u00bb75px\u00bb]<div class=\"gt-heading gt-dark gt-size1 gt-align-center\"><div class=\"gt-title\">Reserva estas <span>Fechas Clave<\/span><\/div><\/div>[vc_empty_space height=\u00bb5%\u00bb][vc_column_text]<div id=\"footable_parent_3872\"\n         class=\" footable_parent ninja_table_wrapper loading_ninja_table wp_table_data_press_parent semantic_ui \">\n                <table data-ninja_table_instance=\"ninja_table_instance_0\" data-footable_id=\"3872\" data-filter-delay=\"1000\" aria-label=\"Calendario\"            id=\"footable_3872\"\n           data-unique_identifier=\"ninja_table_unique_id_913096046_3872\"\n           class=\" foo-table ninja_footable foo_table_3872 ninja_table_unique_id_913096046_3872 ui table  nt_type_legacy_table single line selectable striped compact vertical_centered  footable-paging-right ninja_table_search_disabled ninja_table_pro\">\n                <colgroup>\n                            <col class=\"ninja_column_0 \">\n                            <col class=\"ninja_column_1 \">\n                            <col class=\"ninja_column_2 xs sm\">\n                    <\/colgroup>\n        <thead>\n<tr class=\"footable-header\">\n                                                        <th scope=\"col\"  class=\"ninja_column_0 ninja_clmn_nm_fecha \">Fecha<\/th><th scope=\"col\"  class=\"ninja_column_1 ninja_clmn_nm_ponencia \">Ponencia<\/th><th scope=\"col\"  class=\"ninja_column_2 ninja_clmn_nm_ponente xs sm\">Ponente<\/th><\/tr>\n<\/thead>\n<tbody>\n\n        <tr data-row_id=\"13\" class=\"ninja_table_row_0 nt_row_id_13\">\n            <td>21-Nov-23 19:00<\/td><td>Violencia, agresividad y enfermedad mental: de los t\u00f3picos a la realidad<\/td><td>Jos\u00e9 Carlos Fuertes Roca\u00f1in<\/td>        <\/tr>\n            <tr data-row_id=\"14\" class=\"ninja_table_row_1 nt_row_id_14\">\n            <td>25-Nov-23 10:00<\/td><td>Criminolog\u00eda Corporativa: metodolog\u00eda de an\u00e1lisis de riesgos<\/td><td> Bego\u00f1a Romero Mart\u00edn<\/td>        <\/tr>\n            <tr data-row_id=\"15\" class=\"ninja_table_row_2 nt_row_id_15\">\n            <td>28-Nov-23 19:00<\/td><td>An\u00e1lisis criminol\u00f3gico de los eventos de p\u00fablica concurrencia: el caso Madrid Arena.<\/td><td>Jos\u00e9 Juli\u00e1n Isturitz<\/td>        <\/tr>\n            <tr data-row_id=\"16\" class=\"ninja_table_row_3 nt_row_id_16\">\n            <td>02-Dec-23 10:00<\/td><td>Ciberinteligencia: detecci\u00f3n y an\u00e1lisis de ciberamenazas<\/td><td>Susana Alwasity<\/td>        <\/tr>\n            <tr data-row_id=\"17\" class=\"ninja_table_row_4 nt_row_id_17\">\n            <td>13-Dec-23 19:00<\/td><td>El papel del OSINT como herramienta en los estudios criminol\u00f3gicos: obtenci\u00f3n de inteligencia a trav\u00e9s de fuentes abiertas<\/td><td>Patricia Mart\u00edn Garc\u00eda<\/td>        <\/tr>\n            <tr data-row_id=\"18\" class=\"ninja_table_row_5 nt_row_id_18\">\n            <td>16-Dec-23 17:00<\/td><td>Intervenci\u00f3n Criminal\u00edstica en casos de Feminicidio y trans feminicidio<\/td><td>Mart\u00edn Balderrama<\/td>        <\/tr>\n            <tr data-row_id=\"19\" class=\"ninja_table_row_6 nt_row_id_19\">\n            <td>19-Dec-23 19:00<\/td><td>Delitos y deporte: dopaje y corrupci\u00f3n (compra de partidos)<\/td><td>Juan Carlos Soto del Castillo<\/td>        <\/tr>\n            <tr data-row_id=\"20\" class=\"ninja_table_row_7 nt_row_id_20\">\n            <td>10-Jan-24 19:00<\/td><td> Cr\u00edmenes y criminales medi\u00e1ticos<\/td><td>Juan Rada<\/td>        <\/tr>\n            <tr data-row_id=\"21\" class=\"ninja_table_row_8 nt_row_id_21\">\n            <td>13-Jan-24 10:00<\/td><td>El mal desde la cr\u00f3nica de sucesos<\/td><td>Francisco P\u00e9rez Caballero<\/td>        <\/tr>\n            <tr data-row_id=\"22\" class=\"ninja_table_row_9 nt_row_id_22\">\n            <td>15-Jan-24 19:00<\/td><td>Cuestiones conflictivas entorno a los delitos contra la libertad e indemnidad sexuales tras las diversas reformas del C\u00f3digo Penal.<\/td><td> Carlos Fuertes Iglesias<\/td>        <\/tr>\n            <tr data-row_id=\"23\" class=\"ninja_table_row_10 nt_row_id_23\">\n            <td>23-Jan-24 19:00<\/td><td>Aspectos de actualidad jur\u00eddica en materia de VdG<\/td><td>Ana Isabel Serrano<\/td>        <\/tr>\n    <\/tbody><!--ninja_tobody_rendering_done-->\n    <\/table>\n                    <style type=\"text\/css\" id='ninja_table_custom_css_3872'>\n                        #footable_3872  {\n    font-family: inherit;\n    font-size: 14px;\n    }\n\n    \n                <\/style>\n                \n    \n    \n<\/div>\n[\/vc_column_text][\/vc_column][\/vc_row][vc_row][vc_column offset=\u00bbvc_col-lg-2 vc_col-md-2 vc_hidden-sm vc_col-xs-12 vc_hidden-xs\u00bb][\/vc_column][vc_column offset=\u00bbvc_col-lg-8 vc_col-md-8 vc_col-xs-12&#8243;][vc_empty_space height=\u00bb75px\u00bb]<div class=\"gt-heading gt-dark gt-size1 gt-align-center\"><div class=\"gt-title\"><span>Contacta con nosotros<\/span><\/div><div class=\"gt-separate\"><div class=\"gt-icon\"><svg xmlns=\"http:\/\/www.w3.org\/2000\/svg\" viewBox=\"0 0 24 24\" fill=\"none\" stroke=\"currentColor\" stroke-width=\"2\" stroke-linecap=\"round\" stroke-linejoin=\"round\"><line x1=\"22\" y1=\"2\" x2=\"11\" y2=\"13\"><\/line><polygon points=\"22 2 15 22 11 13 2 9 22 2\"><\/polygon><\/svg><\/div><\/div><\/div>[vc_column_text css_animation=\u00bbfadeIn\u00bb css=\u00bb.vc_custom_1696868906993{padding-top: 3% !important;}\u00bb el_class=\u00bbjustificado\u00bb]Si necesita m\u00e1s informaci\u00f3n, no dude en ponerse en contacto con nosotros a trav\u00e9s del siguiente formulario de contacto. Estaremos encantados de ayudarle y asesorarle en todo lo que necesite, para que su experiencia en el curso sea lo m\u00e1s satisfactoria posible. Nos comprometemos a responder sus dudas de manera r\u00e1pida y eficiente, porque valoramos su inter\u00e9s y dedicaci\u00f3n hacia el campo de la criminolog\u00eda, y queremos ofrecerle todas las facilidades para que pueda disfrutar al m\u00e1ximo del curso.<\/p>\n<div class=\"frm_forms  with_frm_style frm_style_estilos-formidable\" id=\"frm_form_2_container\" data-token=\"77b56bd3dabf1188bffb717d0543d3ff\">\n<form enctype=\"multipart\/form-data\" method=\"post\" class=\"frm-show-form  frm_pro_form \" id=\"form_contacto\"  data-token=\"77b56bd3dabf1188bffb717d0543d3ff\">\n<div class=\"frm_form_fields \">\n<fieldset>\n<legend class=\"frm_screen_reader\">Contacto<\/legend>\r\n\r\n<div class=\"frm_fields_container\">\n<input type=\"hidden\" name=\"frm_action\" value=\"create\" \/>\n<input type=\"hidden\" name=\"form_id\" value=\"2\" \/>\n<input type=\"hidden\" name=\"frm_hide_fields_2\" id=\"frm_hide_fields_2\" value=\"\" \/>\n<input type=\"hidden\" name=\"form_key\" value=\"contacto\" \/>\n<input type=\"hidden\" name=\"item_meta[0]\" value=\"\" \/>\n<input type=\"hidden\" id=\"frm_submit_entry_2\" name=\"frm_submit_entry_2\" value=\"4354d64372\" \/><input type=\"hidden\" name=\"_wp_http_referer\" value=\"\/RealidadCriminal\/wp-json\/wp\/v2\/pages\/895\" \/><div id=\"frm_field_6_container\" class=\"frm_form_field form-field  frm_required_field frm_top_container\">\r\n    <label for=\"field_9nfkh\" id=\"field_9nfkh_label\" class=\"frm_primary_label\">Tu nombre\r\n        <span class=\"frm_required\" aria-hidden=\"true\">*<\/span>\r\n    <\/label>\r\n    <input type=\"text\" id=\"field_9nfkh\" name=\"item_meta[6]\" value=\"\"  data-reqmsg=\"Este campo no puede estar en blanco.\" aria-required=\"true\" data-invmsg=\"Texto no es v\u00e1lido\" aria-invalid=\"false\"  \/>\r\n    \r\n    \r\n<\/div>\n<div id=\"frm_field_7_container\" class=\"frm_form_field form-field  frm_required_field frm_top_container\">\r\n    <label for=\"field_u5x5j\" id=\"field_u5x5j_label\" class=\"frm_primary_label\">Tu email\r\n        <span class=\"frm_required\" aria-hidden=\"true\">*<\/span>\r\n    <\/label>\r\n    <input type=\"email\" id=\"field_u5x5j\" name=\"item_meta[7]\" value=\"\"  data-reqmsg=\"Este campo no puede estar en blanco.\" aria-required=\"true\" data-invmsg=\"Correo electr\u00f3nico no es v\u00e1lido\" aria-invalid=\"false\"  \/>\r\n    \r\n    \r\n<\/div>\n<div id=\"frm_field_10_container\" class=\"frm_form_field form-field  frm_top_container\">\r\n    <label for=\"field_3ezlx\" id=\"field_3ezlx_label\" class=\"frm_primary_label\">Tel\u00e9fono (opcional)\r\n        <span class=\"frm_required\" aria-hidden=\"true\"><\/span>\r\n    <\/label>\r\n    <input type=\"text\" id=\"field_3ezlx\" name=\"item_meta[10]\" value=\"\"  data-invmsg=\"Texto no es v\u00e1lido\" aria-invalid=\"false\"  \/>\r\n    \r\n    \r\n<\/div>\n<div id=\"frm_field_8_container\" class=\"frm_form_field form-field  frm_required_field frm_top_container\">\r\n    <label for=\"field_paglx\" id=\"field_paglx_label\" class=\"frm_primary_label\">Tu mensaje o pregunta\r\n        <span class=\"frm_required\" aria-hidden=\"true\">*<\/span>\r\n    <\/label>\r\n    <textarea name=\"item_meta[8]\" id=\"field_paglx\" rows=\"5\"  data-reqmsg=\"Este campo no puede estar en blanco.\" aria-required=\"true\" data-invmsg=\"Tu mensaje o pregunta no es v\u00e1lido\" aria-invalid=\"false\"  ><\/textarea>\r\n    \r\n    \r\n<\/div>\n<div id=\"frm_field_9_container\" class=\"frm_form_field form-field  frm_none_container\">\r\n    <label for=\"g-recaptcha-response\" id=\"field_3qjtd_label\" class=\"frm_primary_label\">Captcha\r\n        <span class=\"frm_required\" aria-hidden=\"true\"><\/span>\r\n    <\/label>\r\n    <div id=\"field_3qjtd\" class=\"frm-g-recaptcha\" data-sitekey=\"6Lc6xdMaAAAAAK_wT1oto3GX8sY5anoPJO2s6CCi\" data-size=\"invisible\" data-theme=\"light\"><\/div>\r\n    \r\n    \r\n<\/div>\n\t<input type=\"hidden\" name=\"item_key\" value=\"\" \/>\n\t\t\t\t<div class=\"frm__652a729b86a91\" aria-hidden=\"true\">\n\t\t\t\t<label for=\"frm_email_2\">\n\t\t\t\t\tSi eres humano, deja este campo en blanco.\t\t\t\t<\/label>\n\t\t\t\t<input  id=\"frm_email_2\" type=\"text\" class=\"frm_verify\" name=\"frm__652a729b86a91\" value=\"\" autocomplete=\"false\"  \/>\n\t\t\t<\/div>\n\t\t<input name=\"frm_state\" type=\"hidden\" value=\"Gf7llzR1op3aZsMNYM4uAk50JCEBvEiQnS+J5yxpHwE=\" \/><div class=\"frm_submit\">\r\n\r\n<button class=\"frm_button_submit frm_final_submit\" type=\"submit\"   formnovalidate=\"formnovalidate\">Enviar<\/button>\r\n\r\n\r\n<\/div><\/div>\n<\/fieldset>\n<\/div>\n<\/form>\n<\/div>\n[\/vc_column_text][vc_empty_space height=\u00bb115px\u00bb][\/vc_column][vc_column offset=\u00bbvc_col-lg-2 vc_col-md-2 vc_hidden-sm vc_col-xs-12 vc_hidden-xs\u00bb][\/vc_column][\/vc_row]<\/p>\n<\/section>","protected":false},"excerpt":{"rendered":"<p>[vc_row full_width=\u00bbstretch_row_content_no_spaces\u00bb][vc_column][\/vc_column][\/vc_row][vc_row el_id=\u00bbAbout\u00bb][vc_column][vc_empty_space height=\u00bb110px\u00bb][vc_column_text css_animation=\u00bbfadeIn\u00bb el_class=\u00bbgt-text sobre justificado\u00bb css=\u00bb.vc_custom_1696869938479{margin-top: 2% !important;}\u00bb]\u00a1Bienvenidos al Curso Online \u00abLa ciencia criminol\u00f3gica: an\u00e1lisis pr\u00e1ctico y aportaci\u00f3n hol\u00edstica de la realidad criminal\u00ab! Este curso excepcional organizado por el Comit\u00e9 Asesor de Expertos del Colegio Profesional de&#8230;<\/p>\n","protected":false},"author":1,"featured_media":0,"parent":0,"menu_order":0,"comment_status":"closed","ping_status":"closed","template":"","meta":{"footnotes":""},"class_list":["post-895","page","type-page","status-publish","hentry"],"_links":{"self":[{"href":"https:\/\/colegiocriminologosmadrid.es\/RealidadCriminal\/wp-json\/wp\/v2\/pages\/895","targetHints":{"allow":["GET"]}}],"collection":[{"href":"https:\/\/colegiocriminologosmadrid.es\/RealidadCriminal\/wp-json\/wp\/v2\/pages"}],"about":[{"href":"https:\/\/colegiocriminologosmadrid.es\/RealidadCriminal\/wp-json\/wp\/v2\/types\/page"}],"author":[{"embeddable":true,"href":"https:\/\/colegiocriminologosmadrid.es\/RealidadCriminal\/wp-json\/wp\/v2\/users\/1"}],"replies":[{"embeddable":true,"href":"https:\/\/colegiocriminologosmadrid.es\/RealidadCriminal\/wp-json\/wp\/v2\/comments?post=895"}],"version-history":[{"count":146,"href":"https:\/\/colegiocriminologosmadrid.es\/RealidadCriminal\/wp-json\/wp\/v2\/pages\/895\/revisions"}],"predecessor-version":[{"id":4020,"href":"https:\/\/colegiocriminologosmadrid.es\/RealidadCriminal\/wp-json\/wp\/v2\/pages\/895\/revisions\/4020"}],"wp:attachment":[{"href":"https:\/\/colegiocriminologosmadrid.es\/RealidadCriminal\/wp-json\/wp\/v2\/media?parent=895"}],"curies":[{"name":"wp","href":"https:\/\/api.w.org\/{rel}","templated":true}]}}